{"id":2024,"date":"2021-12-10T15:03:35","date_gmt":"2021-12-10T15:03:35","guid":{"rendered":"https:\/\/monofamilias.es\/noticies\/"},"modified":"2021-12-10T15:04:05","modified_gmt":"2021-12-10T15:04:05","slug":"noticies","status":"publish","type":"page","link":"https:\/\/monofamilias.es\/val\/noticies\/","title":{"rendered":"Not\u00edcies"},"content":{"rendered":"\t\t<div data-elementor-type=\"wp-page\" data-elementor-id=\"2024\" class=\"elementor elementor-2024 elementor-1151\">\n\t\t\t\t\t\t\t\t\t<section class=\"elementor-section elementor-top-section elementor-element elementor-element-19a0ad1 elementor-section-full_width elementor-section-height-default elementor-section-height-default parallax_section_no qode_elementor_container_no\" data-id=\"19a0ad1\" data-element_type=\"section\">\n\t\t\t\t\t\t<div class=\"elementor-container elementor-column-gap-default\">\n\t\t\t\t\t<div class=\"elementor-column elementor-col-100 elementor-top-column elementor-element elementor-element-e15994d\" data-id=\"e15994d\" data-element_type=\"column\">\n\t\t\t<div class=\"elementor-widget-wrap elementor-element-populated\">\n\t\t\t\t\t\t\t\t<div class=\"elementor-element elementor-element-0ad433e elementor-widget elementor-widget-bridge_latest_posts\" data-id=\"0ad433e\" data-element_type=\"widget\" data-widget_type=\"bridge_latest_posts.default\">\n\t\t\t\t<div class=\"elementor-widget-container\">\n\t\t\t\n<div class='latest_post_holder boxes four_columns five_rows' >\n    <ul>\n    \n        <li class=\"clearfix\">\n            <div class=\"boxes_image\">\n                                <a itemprop=\"url\" href=\"https:\/\/monofamilias.es\/val\/retos-solidarios-navidenos\/\"><img loading=\"lazy\" width=\"600\" height=\"400\" src=\"https:\/\/monofamilias.es\/wp-content\/uploads\/2023\/12\/canvas600400web_6567145700435.webp\" class=\"attachment-full size-full wp-post-image\" alt=\"\" decoding=\"async\" srcset=\"https:\/\/monofamilias.es\/wp-content\/uploads\/2023\/12\/canvas600400web_6567145700435.webp 600w, https:\/\/monofamilias.es\/wp-content\/uploads\/2023\/12\/canvas600400web_6567145700435-300x200.webp 300w\" sizes=\"(max-width: 600px) 100vw, 600px\" \/><\/a>\n            <\/div>\n            <div class=\"latest_post\"  >\n                <div class=\"latest_post_text\">\n                    <div class=\"latest_post_inner\">\n                        <div class=\"latest_post_text_inner\">\n                            <h4 itemprop=\"name\" class=\"latest_post_title entry_title\"><a itemprop=\"url\" href=\"https:\/\/monofamilias.es\/val\/retos-solidarios-navidenos\/\">Col\u00b7labora amb Monofamilias en els nostres dos reptes nadalencs<\/a><\/h4>\n                            <p class=\"excerpt\">Des de Monofamilias i a trav\u00e9s de la plataforma El meu Gra d&#8217;Arena, hem posat en marxa DOS reptes solidaris, destinats a ajudar a fam\u00edlies monop...<\/p>\n                            <span class=\"post_infos\">\n                                                                    <span class=\"date_hour_holder\">\n                                        <span itemprop=\"dateCreated\" class=\"date entry_date updated\">01 December, 2023 <meta itemprop=\"interactionCount\" content=\"UserComments: 0\"\/><\/span>\n                                    <\/span>\n                                                                                                \n                                \n                                                            <\/span>\n                        <\/div>\n                    <\/div>\n                <\/div>\n            <\/div>\n        <\/li>\n    \n        <li class=\"clearfix\">\n            <div class=\"boxes_image\">\n                                <a itemprop=\"url\" href=\"https:\/\/monofamilias.es\/val\/fotos-de-li-congres-de-families-monoparentals\/\"><img loading=\"lazy\" width=\"2560\" height=\"1707\" src=\"https:\/\/monofamilias.es\/wp-content\/uploads\/2023\/10\/IMG_4622-scaled.jpg\" class=\"attachment-full size-full wp-post-image\" alt=\"\" decoding=\"async\" srcset=\"https:\/\/monofamilias.es\/wp-content\/uploads\/2023\/10\/IMG_4622-scaled.jpg 2560w, https:\/\/monofamilias.es\/wp-content\/uploads\/2023\/10\/IMG_4622-300x200.jpg 300w, https:\/\/monofamilias.es\/wp-content\/uploads\/2023\/10\/IMG_4622-1024x683.jpg 1024w, https:\/\/monofamilias.es\/wp-content\/uploads\/2023\/10\/IMG_4622-768x512.jpg 768w, https:\/\/monofamilias.es\/wp-content\/uploads\/2023\/10\/IMG_4622-1536x1024.jpg 1536w, https:\/\/monofamilias.es\/wp-content\/uploads\/2023\/10\/IMG_4622-2048x1365.jpg 2048w, https:\/\/monofamilias.es\/wp-content\/uploads\/2023\/10\/IMG_4622-700x467.jpg 700w\" sizes=\"(max-width: 2560px) 100vw, 2560px\" \/><\/a>\n            <\/div>\n            <div class=\"latest_post\"  >\n                <div class=\"latest_post_text\">\n                    <div class=\"latest_post_inner\">\n                        <div class=\"latest_post_text_inner\">\n                            <h4 itemprop=\"name\" class=\"latest_post_title entry_title\"><a itemprop=\"url\" href=\"https:\/\/monofamilias.es\/val\/fotos-de-li-congres-de-families-monoparentals\/\">Fotos de l&#8217;I Congr\u00e9s de Fam\u00edlies Monoparentals<\/a><\/h4>\n                            <p class=\"excerpt\">Us deixem una s\u00e8rie de fotografies del passat 1 d&#8217;octubre, quan celebrem la primera edici\u00f3 del Congr\u00e9s Auton\u00f2mic de Fam\u00edlies Monoparentals &amp;nbsp...<\/p>\n                            <span class=\"post_infos\">\n                                                                    <span class=\"date_hour_holder\">\n                                        <span itemprop=\"dateCreated\" class=\"date entry_date updated\">03 October, 2023 <meta itemprop=\"interactionCount\" content=\"UserComments: 0\"\/><\/span>\n                                    <\/span>\n                                                                                                \n                                \n                                                            <\/span>\n                        <\/div>\n                    <\/div>\n                <\/div>\n            <\/div>\n        <\/li>\n    \n        <li class=\"clearfix\">\n            <div class=\"boxes_image\">\n                                <a itemprop=\"url\" href=\"https:\/\/monofamilias.es\/val\/congres-de-families-monoparental\/\"><img loading=\"lazy\" width=\"2560\" height=\"1707\" src=\"https:\/\/monofamilias.es\/wp-content\/uploads\/2023\/10\/IMG_4690-scaled.jpg\" class=\"attachment-full size-full wp-post-image\" alt=\"\" decoding=\"async\" srcset=\"https:\/\/monofamilias.es\/wp-content\/uploads\/2023\/10\/IMG_4690-scaled.jpg 2560w, https:\/\/monofamilias.es\/wp-content\/uploads\/2023\/10\/IMG_4690-300x200.jpg 300w, https:\/\/monofamilias.es\/wp-content\/uploads\/2023\/10\/IMG_4690-1024x683.jpg 1024w, https:\/\/monofamilias.es\/wp-content\/uploads\/2023\/10\/IMG_4690-768x512.jpg 768w, https:\/\/monofamilias.es\/wp-content\/uploads\/2023\/10\/IMG_4690-1536x1024.jpg 1536w, https:\/\/monofamilias.es\/wp-content\/uploads\/2023\/10\/IMG_4690-2048x1365.jpg 2048w, https:\/\/monofamilias.es\/wp-content\/uploads\/2023\/10\/IMG_4690-700x467.jpg 700w\" sizes=\"(max-width: 2560px) 100vw, 2560px\" \/><\/a>\n            <\/div>\n            <div class=\"latest_post\"  >\n                <div class=\"latest_post_text\">\n                    <div class=\"latest_post_inner\">\n                        <div class=\"latest_post_text_inner\">\n                            <h4 itemprop=\"name\" class=\"latest_post_title entry_title\"><a itemprop=\"url\" href=\"https:\/\/monofamilias.es\/val\/congres-de-families-monoparental\/\">Prop de 300 fam\u00edlies participen en l&#8217;I Congr\u00e9s de Fam\u00edlies Monoparentals<\/a><\/h4>\n                            <p class=\"excerpt\">Diumenge passat vam celebrar en el Museu Pr\u00edncep Felip, de la Ciutat de les Arts i les Ci\u00e8ncies de Val\u00e8ncia, l&#8217;I Congr\u00e9s de Fam\u00edlies Monoparenta...<\/p>\n                            <span class=\"post_infos\">\n                                                                    <span class=\"date_hour_holder\">\n                                        <span itemprop=\"dateCreated\" class=\"date entry_date updated\">03 October, 2023 <meta itemprop=\"interactionCount\" content=\"UserComments: 0\"\/><\/span>\n                                    <\/span>\n                                                                                                \n                                \n                                                            <\/span>\n                        <\/div>\n                    <\/div>\n                <\/div>\n            <\/div>\n        <\/li>\n    \n        <li class=\"clearfix\">\n            <div class=\"boxes_image\">\n                                <a itemprop=\"url\" href=\"https:\/\/monofamilias.es\/val\/congres-autonomic-de-families-monoparentals\/\"><img loading=\"lazy\" width=\"3350\" height=\"1995\" src=\"https:\/\/monofamilias.es\/wp-content\/uploads\/2023\/09\/congreso-familias-monoparentales.png\" class=\"attachment-full size-full wp-post-image\" alt=\"\" decoding=\"async\" srcset=\"https:\/\/monofamilias.es\/wp-content\/uploads\/2023\/09\/congreso-familias-monoparentales.png 3350w, https:\/\/monofamilias.es\/wp-content\/uploads\/2023\/09\/congreso-familias-monoparentales-300x179.png 300w, https:\/\/monofamilias.es\/wp-content\/uploads\/2023\/09\/congreso-familias-monoparentales-1024x610.png 1024w, https:\/\/monofamilias.es\/wp-content\/uploads\/2023\/09\/congreso-familias-monoparentales-768x457.png 768w, https:\/\/monofamilias.es\/wp-content\/uploads\/2023\/09\/congreso-familias-monoparentales-1536x915.png 1536w, https:\/\/monofamilias.es\/wp-content\/uploads\/2023\/09\/congreso-familias-monoparentales-2048x1220.png 2048w, https:\/\/monofamilias.es\/wp-content\/uploads\/2023\/09\/congreso-familias-monoparentales-700x417.png 700w\" sizes=\"(max-width: 3350px) 100vw, 3350px\" \/><\/a>\n            <\/div>\n            <div class=\"latest_post\"  >\n                <div class=\"latest_post_text\">\n                    <div class=\"latest_post_inner\">\n                        <div class=\"latest_post_text_inner\">\n                            <h4 itemprop=\"name\" class=\"latest_post_title entry_title\"><a itemprop=\"url\" href=\"https:\/\/monofamilias.es\/val\/congres-autonomic-de-families-monoparentals\/\">Celebrem el I Congres Auton\u00f2mic de Fam\u00edlies Monoparentals<\/a><\/h4>\n                            <p class=\"excerpt\">El pr\u00f2xim 1 d&#8217;octubre tindr\u00e0 lloc a la Ciutat de les Arts i les Ci\u00e8ncies de Val\u00e8ncia l&#8217;I Congr\u00e9s Auton\u00f2mic de Fam\u00edlies Monoparentals. Un e...<\/p>\n                            <span class=\"post_infos\">\n                                                                    <span class=\"date_hour_holder\">\n                                        <span itemprop=\"dateCreated\" class=\"date entry_date updated\">12 September, 2023 <meta itemprop=\"interactionCount\" content=\"UserComments: 0\"\/><\/span>\n                                    <\/span>\n                                                                                                \n                                \n                                                            <\/span>\n                        <\/div>\n                    <\/div>\n                <\/div>\n            <\/div>\n        <\/li>\n    \n        <li class=\"clearfix\">\n            <div class=\"boxes_image\">\n                                <a itemprop=\"url\" href=\"https:\/\/monofamilias.es\/val\/monofamilias-ofereix-assessorament-juridic-gratuit-als-seus-socis-i-socies\/\"><img loading=\"lazy\" width=\"2560\" height=\"1114\" src=\"https:\/\/monofamilias.es\/wp-content\/uploads\/2023\/07\/gabinete-juridico-scaled.jpg\" class=\"attachment-full size-full wp-post-image\" alt=\"\" decoding=\"async\" srcset=\"https:\/\/monofamilias.es\/wp-content\/uploads\/2023\/07\/gabinete-juridico-scaled.jpg 2560w, https:\/\/monofamilias.es\/wp-content\/uploads\/2023\/07\/gabinete-juridico-300x131.jpg 300w, https:\/\/monofamilias.es\/wp-content\/uploads\/2023\/07\/gabinete-juridico-1024x445.jpg 1024w, https:\/\/monofamilias.es\/wp-content\/uploads\/2023\/07\/gabinete-juridico-768x334.jpg 768w, https:\/\/monofamilias.es\/wp-content\/uploads\/2023\/07\/gabinete-juridico-1536x668.jpg 1536w, https:\/\/monofamilias.es\/wp-content\/uploads\/2023\/07\/gabinete-juridico-2048x891.jpg 2048w, https:\/\/monofamilias.es\/wp-content\/uploads\/2023\/07\/gabinete-juridico-700x305.jpg 700w\" sizes=\"(max-width: 2560px) 100vw, 2560px\" \/><\/a>\n            <\/div>\n            <div class=\"latest_post\"  >\n                <div class=\"latest_post_text\">\n                    <div class=\"latest_post_inner\">\n                        <div class=\"latest_post_text_inner\">\n                            <h4 itemprop=\"name\" class=\"latest_post_title entry_title\"><a itemprop=\"url\" href=\"https:\/\/monofamilias.es\/val\/monofamilias-ofereix-assessorament-juridic-gratuit-als-seus-socis-i-socies\/\">Monofamilias ofereix assessorament jur\u00eddic gratu\u00eft als seus socis i s\u00f2cies<\/a><\/h4>\n                            <p class=\"excerpt\">L&#8217;Associaci\u00f3 de Fam\u00edlies Monoparentals de la Comunitat Valenciana, Monofamilias, posa a la disposici\u00f3 dels seus associats i associades un servic...<\/p>\n                            <span class=\"post_infos\">\n                                                                    <span class=\"date_hour_holder\">\n                                        <span itemprop=\"dateCreated\" class=\"date entry_date updated\">21 July, 2023 <meta itemprop=\"interactionCount\" content=\"UserComments: 0\"\/><\/span>\n                                    <\/span>\n                                                                                                \n                                \n                                                            <\/span>\n                        <\/div>\n                    <\/div>\n                <\/div>\n            <\/div>\n        <\/li>\n    \n        <li class=\"clearfix\">\n            <div class=\"boxes_image\">\n                                <a itemprop=\"url\" href=\"https:\/\/monofamilias.es\/val\/monofamilias-crea-el-reto-vuelta-al-cole-solidaria\/\"><img loading=\"lazy\" width=\"600\" height=\"400\" src=\"https:\/\/monofamilias.es\/wp-content\/uploads\/2023\/06\/canvas600400web_6495792875bc9.jpeg\" class=\"attachment-full size-full wp-post-image\" alt=\"\" decoding=\"async\" srcset=\"https:\/\/monofamilias.es\/wp-content\/uploads\/2023\/06\/canvas600400web_6495792875bc9.jpeg 600w, https:\/\/monofamilias.es\/wp-content\/uploads\/2023\/06\/canvas600400web_6495792875bc9-300x200.jpeg 300w\" sizes=\"(max-width: 600px) 100vw, 600px\" \/><\/a>\n            <\/div>\n            <div class=\"latest_post\"  >\n                <div class=\"latest_post_text\">\n                    <div class=\"latest_post_inner\">\n                        <div class=\"latest_post_text_inner\">\n                            <h4 itemprop=\"name\" class=\"latest_post_title entry_title\"><a itemprop=\"url\" href=\"https:\/\/monofamilias.es\/val\/monofamilias-crea-el-reto-vuelta-al-cole-solidaria\/\">Monofamilias crea el repte &#8220;Tornada al Col\u00b7le Solid\u00e0ria&#8221;<\/a><\/h4>\n                            <p class=\"excerpt\">T&#8217;imagines la tornada al col\u00b7le sense llibretes, *bolis, motxilla, etc.? Les fam\u00edlies que nom\u00e9s compten amb una mam\u00e0 o un pap\u00e0 s&#8217;enfronten...<\/p>\n                            <span class=\"post_infos\">\n                                                                    <span class=\"date_hour_holder\">\n                                        <span itemprop=\"dateCreated\" class=\"date entry_date updated\">26 June, 2023 <meta itemprop=\"interactionCount\" content=\"UserComments: 0\"\/><\/span>\n                                    <\/span>\n                                                                                                \n                                \n                                                            <\/span>\n                        <\/div>\n                    <\/div>\n                <\/div>\n            <\/div>\n        <\/li>\n    \n        <li class=\"clearfix\">\n            <div class=\"boxes_image\">\n                                <a itemprop=\"url\" href=\"https:\/\/monofamilias.es\/val\/ajuda-en-cas-dimpagament-de-pensions-daliments-en-divorci-separacio\/\"><img loading=\"lazy\" width=\"2560\" height=\"1707\" src=\"https:\/\/monofamilias.es\/wp-content\/uploads\/2023\/06\/16462377522884-scaled.jpg\" class=\"attachment-full size-full wp-post-image\" alt=\"\" decoding=\"async\" srcset=\"https:\/\/monofamilias.es\/wp-content\/uploads\/2023\/06\/16462377522884-scaled.jpg 2560w, https:\/\/monofamilias.es\/wp-content\/uploads\/2023\/06\/16462377522884-300x200.jpg 300w, https:\/\/monofamilias.es\/wp-content\/uploads\/2023\/06\/16462377522884-1024x683.jpg 1024w, https:\/\/monofamilias.es\/wp-content\/uploads\/2023\/06\/16462377522884-768x512.jpg 768w, https:\/\/monofamilias.es\/wp-content\/uploads\/2023\/06\/16462377522884-1536x1024.jpg 1536w, https:\/\/monofamilias.es\/wp-content\/uploads\/2023\/06\/16462377522884-2048x1365.jpg 2048w, https:\/\/monofamilias.es\/wp-content\/uploads\/2023\/06\/16462377522884-700x467.jpg 700w\" sizes=\"(max-width: 2560px) 100vw, 2560px\" \/><\/a>\n            <\/div>\n            <div class=\"latest_post\"  >\n                <div class=\"latest_post_text\">\n                    <div class=\"latest_post_inner\">\n                        <div class=\"latest_post_text_inner\">\n                            <h4 itemprop=\"name\" class=\"latest_post_title entry_title\"><a itemprop=\"url\" href=\"https:\/\/monofamilias.es\/val\/ajuda-en-cas-dimpagament-de-pensions-daliments-en-divorci-separacio\/\">Ajuda en cas d&#8217;impagament de pensions d&#8217;aliments en divorci\/separaci\u00f3<\/a><\/h4>\n                            <p class=\"excerpt\">A causa del gran problema dels impagaments de les pensions aliment\u00e0ries, l&#8217;Administraci\u00f3 ha creat el Fons de Garantia del Pagament d&#8217;Alime...<\/p>\n                            <span class=\"post_infos\">\n                                                                    <span class=\"date_hour_holder\">\n                                        <span itemprop=\"dateCreated\" class=\"date entry_date updated\">24 June, 2023 <meta itemprop=\"interactionCount\" content=\"UserComments: 0\"\/><\/span>\n                                    <\/span>\n                                                                                                \n                                \n                                                            <\/span>\n                        <\/div>\n                    <\/div>\n                <\/div>\n            <\/div>\n        <\/li>\n    \n        <li class=\"clearfix\">\n            <div class=\"boxes_image\">\n                                <a itemprop=\"url\" href=\"https:\/\/monofamilias.es\/val\/convocatoria-dassemblea-ordinaria-de-monofamilias\/\"><img loading=\"lazy\" width=\"894\" height=\"265\" src=\"https:\/\/monofamilias.es\/wp-content\/uploads\/2020\/04\/cropped-Familias-Monoparentales-Valencia.png\" class=\"attachment-full size-full wp-post-image\" alt=\"\" decoding=\"async\" srcset=\"https:\/\/monofamilias.es\/wp-content\/uploads\/2020\/04\/cropped-Familias-Monoparentales-Valencia.png 894w, https:\/\/monofamilias.es\/wp-content\/uploads\/2020\/04\/cropped-Familias-Monoparentales-Valencia-300x89.png 300w, https:\/\/monofamilias.es\/wp-content\/uploads\/2020\/04\/cropped-Familias-Monoparentales-Valencia-768x228.png 768w, https:\/\/monofamilias.es\/wp-content\/uploads\/2020\/04\/cropped-Familias-Monoparentales-Valencia-700x207.png 700w\" sizes=\"(max-width: 894px) 100vw, 894px\" \/><\/a>\n            <\/div>\n            <div class=\"latest_post\"  >\n                <div class=\"latest_post_text\">\n                    <div class=\"latest_post_inner\">\n                        <div class=\"latest_post_text_inner\">\n                            <h4 itemprop=\"name\" class=\"latest_post_title entry_title\"><a itemprop=\"url\" href=\"https:\/\/monofamilias.es\/val\/convocatoria-dassemblea-ordinaria-de-monofamilias\/\">Convocat\u00f2ria d&#8217;Assemblea Ordin\u00e0ria de *Monofamilias<\/a><\/h4>\n                            <p class=\"excerpt\">Per la present, i seguint les indicacions de la presidenta, li convoquem a l&#8217;Assemblea Ordin\u00e0ria de *MONOFAMILIAS que tindr\u00e0 lloc el pr\u00f2xim dia ...<\/p>\n                            <span class=\"post_infos\">\n                                                                    <span class=\"date_hour_holder\">\n                                        <span itemprop=\"dateCreated\" class=\"date entry_date updated\">23 June, 2023 <meta itemprop=\"interactionCount\" content=\"UserComments: 0\"\/><\/span>\n                                    <\/span>\n                                                                                                \n                                \n                                                            <\/span>\n                        <\/div>\n                    <\/div>\n                <\/div>\n            <\/div>\n        <\/li>\n    \n        <li class=\"clearfix\">\n            <div class=\"boxes_image\">\n                                <a itemprop=\"url\" href=\"https:\/\/monofamilias.es\/val\/gran-exit-del-banc-daliments-de-monofamilias\/\"><img loading=\"lazy\" width=\"640\" height=\"640\" src=\"https:\/\/monofamilias.es\/wp-content\/uploads\/2023\/06\/354477948_3573625682961293_8385811695478752728_n.jpg\" class=\"attachment-full size-full wp-post-image\" alt=\"\" decoding=\"async\" srcset=\"https:\/\/monofamilias.es\/wp-content\/uploads\/2023\/06\/354477948_3573625682961293_8385811695478752728_n.jpg 640w, https:\/\/monofamilias.es\/wp-content\/uploads\/2023\/06\/354477948_3573625682961293_8385811695478752728_n-300x300.jpg 300w, https:\/\/monofamilias.es\/wp-content\/uploads\/2023\/06\/354477948_3573625682961293_8385811695478752728_n-150x150.jpg 150w, https:\/\/monofamilias.es\/wp-content\/uploads\/2023\/06\/354477948_3573625682961293_8385811695478752728_n-570x570.jpg 570w, https:\/\/monofamilias.es\/wp-content\/uploads\/2023\/06\/354477948_3573625682961293_8385811695478752728_n-500x500.jpg 500w\" sizes=\"(max-width: 640px) 100vw, 640px\" \/><\/a>\n            <\/div>\n            <div class=\"latest_post\"  >\n                <div class=\"latest_post_text\">\n                    <div class=\"latest_post_inner\">\n                        <div class=\"latest_post_text_inner\">\n                            <h4 itemprop=\"name\" class=\"latest_post_title entry_title\"><a itemprop=\"url\" href=\"https:\/\/monofamilias.es\/val\/gran-exit-del-banc-daliments-de-monofamilias\/\">Gran \u00e8xit del Banc d&#8217;Aliments de *Monofamilias<\/a><\/h4>\n                            <p class=\"excerpt\">El Banc d&#8217;Aliments de *Monofamilias que ha tingut lloc a mitjan juny ha sigut tot un \u00e8xit. A trav\u00e9s d&#8217;aquesta acci\u00f3 solid\u00e0ria hem pogut aj...<\/p>\n                            <span class=\"post_infos\">\n                                                                    <span class=\"date_hour_holder\">\n                                        <span itemprop=\"dateCreated\" class=\"date entry_date updated\">21 June, 2023 <meta itemprop=\"interactionCount\" content=\"UserComments: 0\"\/><\/span>\n                                    <\/span>\n                                                                                                \n                                \n                                                            <\/span>\n                        <\/div>\n                    <\/div>\n                <\/div>\n            <\/div>\n        <\/li>\n    \n        <li class=\"clearfix\">\n            <div class=\"boxes_image\">\n                                <a itemprop=\"url\" href=\"https:\/\/monofamilias.es\/val\/reunio-amb-representants-de-lajuntament-de-gandia\/\"><img loading=\"lazy\" width=\"614\" height=\"614\" src=\"https:\/\/monofamilias.es\/wp-content\/uploads\/2023\/06\/354334255_987428996009959_1254182711349719842_n.jpg\" class=\"attachment-full size-full wp-post-image\" alt=\"\" decoding=\"async\" srcset=\"https:\/\/monofamilias.es\/wp-content\/uploads\/2023\/06\/354334255_987428996009959_1254182711349719842_n.jpg 614w, https:\/\/monofamilias.es\/wp-content\/uploads\/2023\/06\/354334255_987428996009959_1254182711349719842_n-300x300.jpg 300w, https:\/\/monofamilias.es\/wp-content\/uploads\/2023\/06\/354334255_987428996009959_1254182711349719842_n-150x150.jpg 150w, https:\/\/monofamilias.es\/wp-content\/uploads\/2023\/06\/354334255_987428996009959_1254182711349719842_n-570x570.jpg 570w, https:\/\/monofamilias.es\/wp-content\/uploads\/2023\/06\/354334255_987428996009959_1254182711349719842_n-500x500.jpg 500w\" sizes=\"(max-width: 614px) 100vw, 614px\" \/><\/a>\n            <\/div>\n            <div class=\"latest_post\"  >\n                <div class=\"latest_post_text\">\n                    <div class=\"latest_post_inner\">\n                        <div class=\"latest_post_text_inner\">\n                            <h4 itemprop=\"name\" class=\"latest_post_title entry_title\"><a itemprop=\"url\" href=\"https:\/\/monofamilias.es\/val\/reunio-amb-representants-de-lajuntament-de-gandia\/\">Reuni\u00f3 amb representants de l&#8217;Ajuntament de Gandia<\/a><\/h4>\n                            <p class=\"excerpt\">El passat 15 de juny vam mantindre una reuni\u00f3 amb la regidora de Benestar i la coordinadora de Serveis Socials de l&#8217;Ajuntament de Gandia. En aqu...<\/p>\n                            <span class=\"post_infos\">\n                                                                    <span class=\"date_hour_holder\">\n                                        <span itemprop=\"dateCreated\" class=\"date entry_date updated\">16 June, 2023 <meta itemprop=\"interactionCount\" content=\"UserComments: 0\"\/><\/span>\n                                    <\/span>\n                                                                                                \n                                \n                                                            <\/span>\n                        <\/div>\n                    <\/div>\n                <\/div>\n            <\/div>\n        <\/li>\n    \n        <li class=\"clearfix\">\n            <div class=\"boxes_image\">\n                                <a itemprop=\"url\" href=\"https:\/\/monofamilias.es\/val\/monofamilias-presenta-la-seua-memoria-dactivitats-2022\/\"><img loading=\"lazy\" width=\"787\" height=\"558\" src=\"https:\/\/monofamilias.es\/wp-content\/uploads\/2023\/06\/Captura-de-pantalla-2023-06-08-a-las-11.31.03.png\" class=\"attachment-full size-full wp-post-image\" alt=\"\" decoding=\"async\" srcset=\"https:\/\/monofamilias.es\/wp-content\/uploads\/2023\/06\/Captura-de-pantalla-2023-06-08-a-las-11.31.03.png 787w, https:\/\/monofamilias.es\/wp-content\/uploads\/2023\/06\/Captura-de-pantalla-2023-06-08-a-las-11.31.03-300x213.png 300w, https:\/\/monofamilias.es\/wp-content\/uploads\/2023\/06\/Captura-de-pantalla-2023-06-08-a-las-11.31.03-768x545.png 768w, https:\/\/monofamilias.es\/wp-content\/uploads\/2023\/06\/Captura-de-pantalla-2023-06-08-a-las-11.31.03-700x496.png 700w\" sizes=\"(max-width: 787px) 100vw, 787px\" \/><\/a>\n            <\/div>\n            <div class=\"latest_post\"  >\n                <div class=\"latest_post_text\">\n                    <div class=\"latest_post_inner\">\n                        <div class=\"latest_post_text_inner\">\n                            <h4 itemprop=\"name\" class=\"latest_post_title entry_title\"><a itemprop=\"url\" href=\"https:\/\/monofamilias.es\/val\/monofamilias-presenta-la-seua-memoria-dactivitats-2022\/\">Monofamilias presenta la seua mem\u00f2ria d&#8217;activitats 2022<\/a><\/h4>\n                            <p class=\"excerpt\">En *Monofamilias us presentem la nostra Mem\u00f2ria d&#8217;Activitats 2022. En ella agrupem totes les iniciatives que hem desenvolupat durant l&#8217;any...<\/p>\n                            <span class=\"post_infos\">\n                                                                    <span class=\"date_hour_holder\">\n                                        <span itemprop=\"dateCreated\" class=\"date entry_date updated\">08 June, 2023 <meta itemprop=\"interactionCount\" content=\"UserComments: 0\"\/><\/span>\n                                    <\/span>\n                                                                                                \n                                \n                                                            <\/span>\n                        <\/div>\n                    <\/div>\n                <\/div>\n            <\/div>\n        <\/li>\n    \n        <li class=\"clearfix\">\n            <div class=\"boxes_image\">\n                                <a itemprop=\"url\" href=\"https:\/\/monofamilias.es\/val\/que-significa-per-a-tu-ser-voluntari\/\"><img loading=\"lazy\" width=\"1080\" height=\"1080\" src=\"https:\/\/monofamilias.es\/wp-content\/uploads\/2023\/05\/voluntarias.jpg\" class=\"attachment-full size-full wp-post-image\" alt=\"\" decoding=\"async\" srcset=\"https:\/\/monofamilias.es\/wp-content\/uploads\/2023\/05\/voluntarias.jpg 1080w, https:\/\/monofamilias.es\/wp-content\/uploads\/2023\/05\/voluntarias-300x300.jpg 300w, https:\/\/monofamilias.es\/wp-content\/uploads\/2023\/05\/voluntarias-1024x1024.jpg 1024w, https:\/\/monofamilias.es\/wp-content\/uploads\/2023\/05\/voluntarias-150x150.jpg 150w, https:\/\/monofamilias.es\/wp-content\/uploads\/2023\/05\/voluntarias-768x768.jpg 768w, https:\/\/monofamilias.es\/wp-content\/uploads\/2023\/05\/voluntarias-570x570.jpg 570w, https:\/\/monofamilias.es\/wp-content\/uploads\/2023\/05\/voluntarias-500x500.jpg 500w, https:\/\/monofamilias.es\/wp-content\/uploads\/2023\/05\/voluntarias-1000x1000.jpg 1000w, https:\/\/monofamilias.es\/wp-content\/uploads\/2023\/05\/voluntarias-700x700.jpg 700w, https:\/\/monofamilias.es\/wp-content\/uploads\/2023\/05\/voluntarias-650x650.jpg 650w\" sizes=\"(max-width: 1080px) 100vw, 1080px\" \/><\/a>\n            <\/div>\n            <div class=\"latest_post\"  >\n                <div class=\"latest_post_text\">\n                    <div class=\"latest_post_inner\">\n                        <div class=\"latest_post_text_inner\">\n                            <h4 itemprop=\"name\" class=\"latest_post_title entry_title\"><a itemprop=\"url\" href=\"https:\/\/monofamilias.es\/val\/que-significa-per-a-tu-ser-voluntari\/\">Qu\u00e8 significa per a tu ser voluntari?<\/a><\/h4>\n                            <p class=\"excerpt\">Alguna vegada t&#8217;haur\u00e0s preguntat qu\u00e8 significa ser voluntari? Per a comen\u00e7ar, un voluntari \u00e9s aquella persona que inverteix el seu temps, diners...<\/p>\n                            <span class=\"post_infos\">\n                                                                    <span class=\"date_hour_holder\">\n                                        <span itemprop=\"dateCreated\" class=\"date entry_date updated\">26 May, 2023 <meta itemprop=\"interactionCount\" content=\"UserComments: 0\"\/><\/span>\n                                    <\/span>\n                                                                                                \n                                \n                                                            <\/span>\n                        <\/div>\n                    <\/div>\n                <\/div>\n            <\/div>\n        <\/li>\n    \n        <li class=\"clearfix\">\n            <div class=\"boxes_image\">\n                                <a itemprop=\"url\" href=\"https:\/\/monofamilias.es\/val\/reunio-en-la-universitat-europea-de-valencia\/\"><img loading=\"lazy\" width=\"1080\" height=\"1080\" src=\"https:\/\/monofamilias.es\/wp-content\/uploads\/2023\/05\/ue.jpg\" class=\"attachment-full size-full wp-post-image\" alt=\"\" decoding=\"async\" srcset=\"https:\/\/monofamilias.es\/wp-content\/uploads\/2023\/05\/ue.jpg 1080w, https:\/\/monofamilias.es\/wp-content\/uploads\/2023\/05\/ue-300x300.jpg 300w, https:\/\/monofamilias.es\/wp-content\/uploads\/2023\/05\/ue-1024x1024.jpg 1024w, https:\/\/monofamilias.es\/wp-content\/uploads\/2023\/05\/ue-150x150.jpg 150w, https:\/\/monofamilias.es\/wp-content\/uploads\/2023\/05\/ue-768x768.jpg 768w, https:\/\/monofamilias.es\/wp-content\/uploads\/2023\/05\/ue-570x570.jpg 570w, https:\/\/monofamilias.es\/wp-content\/uploads\/2023\/05\/ue-500x500.jpg 500w, https:\/\/monofamilias.es\/wp-content\/uploads\/2023\/05\/ue-1000x1000.jpg 1000w, https:\/\/monofamilias.es\/wp-content\/uploads\/2023\/05\/ue-700x700.jpg 700w, https:\/\/monofamilias.es\/wp-content\/uploads\/2023\/05\/ue-650x650.jpg 650w\" sizes=\"(max-width: 1080px) 100vw, 1080px\" \/><\/a>\n            <\/div>\n            <div class=\"latest_post\"  >\n                <div class=\"latest_post_text\">\n                    <div class=\"latest_post_inner\">\n                        <div class=\"latest_post_text_inner\">\n                            <h4 itemprop=\"name\" class=\"latest_post_title entry_title\"><a itemprop=\"url\" href=\"https:\/\/monofamilias.es\/val\/reunio-en-la-universitat-europea-de-valencia\/\">Reuni\u00f3 en la Universitat Europea de Val\u00e8ncia<\/a><\/h4>\n                            <p class=\"excerpt\">Monofamilias es\u00a0 reuneix en\u00a0 la Universitat Europea de Val\u00e8ncia amb Lupe Bohorques professora d&#8217;\u00e8tica i dret. Monofamilias col\u00b7laborar\u00e0 amb ella...<\/p>\n                            <span class=\"post_infos\">\n                                                                    <span class=\"date_hour_holder\">\n                                        <span itemprop=\"dateCreated\" class=\"date entry_date updated\">25 May, 2023 <meta itemprop=\"interactionCount\" content=\"UserComments: 0\"\/><\/span>\n                                    <\/span>\n                                                                                                \n                                \n                                                            <\/span>\n                        <\/div>\n                    <\/div>\n                <\/div>\n            <\/div>\n        <\/li>\n    \n        <li class=\"clearfix\">\n            <div class=\"boxes_image\">\n                                <a itemprop=\"url\" href=\"https:\/\/monofamilias.es\/val\/escola-de-families-els-limits-de-la-crianca\/\"><img loading=\"lazy\" width=\"1080\" height=\"1080\" src=\"https:\/\/monofamilias.es\/wp-content\/uploads\/2023\/05\/escuel-familias.jpg\" class=\"attachment-full size-full wp-post-image\" alt=\"\" decoding=\"async\" srcset=\"https:\/\/monofamilias.es\/wp-content\/uploads\/2023\/05\/escuel-familias.jpg 1080w, https:\/\/monofamilias.es\/wp-content\/uploads\/2023\/05\/escuel-familias-300x300.jpg 300w, https:\/\/monofamilias.es\/wp-content\/uploads\/2023\/05\/escuel-familias-1024x1024.jpg 1024w, https:\/\/monofamilias.es\/wp-content\/uploads\/2023\/05\/escuel-familias-150x150.jpg 150w, https:\/\/monofamilias.es\/wp-content\/uploads\/2023\/05\/escuel-familias-768x768.jpg 768w, https:\/\/monofamilias.es\/wp-content\/uploads\/2023\/05\/escuel-familias-570x570.jpg 570w, https:\/\/monofamilias.es\/wp-content\/uploads\/2023\/05\/escuel-familias-500x500.jpg 500w, https:\/\/monofamilias.es\/wp-content\/uploads\/2023\/05\/escuel-familias-1000x1000.jpg 1000w, https:\/\/monofamilias.es\/wp-content\/uploads\/2023\/05\/escuel-familias-700x700.jpg 700w, https:\/\/monofamilias.es\/wp-content\/uploads\/2023\/05\/escuel-familias-650x650.jpg 650w\" sizes=\"(max-width: 1080px) 100vw, 1080px\" \/><\/a>\n            <\/div>\n            <div class=\"latest_post\"  >\n                <div class=\"latest_post_text\">\n                    <div class=\"latest_post_inner\">\n                        <div class=\"latest_post_text_inner\">\n                            <h4 itemprop=\"name\" class=\"latest_post_title entry_title\"><a itemprop=\"url\" href=\"https:\/\/monofamilias.es\/val\/escola-de-families-els-limits-de-la-crianca\/\">Escola de fam\u00edlies &#8220;Els l\u00edmits de la crian\u00e7a&#8221;<\/a><\/h4>\n                            <p class=\"excerpt\">Monofamilas juntament amb la fundaci\u00f3 Proclade us ofereix tots els dijous l&#8217;Escola de fam\u00edlies, amb la finalitat d&#8217;acostar a totes a les f...<\/p>\n                            <span class=\"post_infos\">\n                                                                    <span class=\"date_hour_holder\">\n                                        <span itemprop=\"dateCreated\" class=\"date entry_date updated\">25 May, 2023 <meta itemprop=\"interactionCount\" content=\"UserComments: 0\"\/><\/span>\n                                    <\/span>\n                                                                                                \n                                \n                                                            <\/span>\n                        <\/div>\n                    <\/div>\n                <\/div>\n            <\/div>\n        <\/li>\n    \n        <li class=\"clearfix\">\n            <div class=\"boxes_image\">\n                                <a itemprop=\"url\" href=\"https:\/\/monofamilias.es\/val\/monofamilias-celebra-el-dia-de-la-familia\/\"><img loading=\"lazy\" width=\"1920\" height=\"2560\" src=\"https:\/\/monofamilias.es\/wp-content\/uploads\/2023\/05\/alboraya-scaled.jpg\" class=\"attachment-full size-full wp-post-image\" alt=\"\" decoding=\"async\" srcset=\"https:\/\/monofamilias.es\/wp-content\/uploads\/2023\/05\/alboraya-scaled.jpg 1920w, https:\/\/monofamilias.es\/wp-content\/uploads\/2023\/05\/alboraya-225x300.jpg 225w, https:\/\/monofamilias.es\/wp-content\/uploads\/2023\/05\/alboraya-768x1024.jpg 768w, https:\/\/monofamilias.es\/wp-content\/uploads\/2023\/05\/alboraya-1152x1536.jpg 1152w, https:\/\/monofamilias.es\/wp-content\/uploads\/2023\/05\/alboraya-1536x2048.jpg 1536w, https:\/\/monofamilias.es\/wp-content\/uploads\/2023\/05\/alboraya-600x800.jpg 600w, https:\/\/monofamilias.es\/wp-content\/uploads\/2023\/05\/alboraya-700x933.jpg 700w\" sizes=\"(max-width: 1920px) 100vw, 1920px\" \/><\/a>\n            <\/div>\n            <div class=\"latest_post\"  >\n                <div class=\"latest_post_text\">\n                    <div class=\"latest_post_inner\">\n                        <div class=\"latest_post_text_inner\">\n                            <h4 itemprop=\"name\" class=\"latest_post_title entry_title\"><a itemprop=\"url\" href=\"https:\/\/monofamilias.es\/val\/monofamilias-celebra-el-dia-de-la-familia\/\">Monofamilias celebra el Dia de la Fam\u00edlia<\/a><\/h4>\n                            <p class=\"excerpt\">El passat 13 de maig Monofamilias va celebrar el Dia de la Fam\u00edlia gr\u00e0cies a l&#8217;ajuntament de \u00a0Alboraia que ens va convidar, al costat d&#8217;al...<\/p>\n                            <span class=\"post_infos\">\n                                                                    <span class=\"date_hour_holder\">\n                                        <span itemprop=\"dateCreated\" class=\"date entry_date updated\">25 May, 2023 <meta itemprop=\"interactionCount\" content=\"UserComments: 0\"\/><\/span>\n                                    <\/span>\n                                                                                                \n                                \n                                                            <\/span>\n                        <\/div>\n                    <\/div>\n                <\/div>\n            <\/div>\n        <\/li>\n    \n        <li class=\"clearfix\">\n            <div class=\"boxes_image\">\n                                <a itemprop=\"url\" href=\"https:\/\/monofamilias.es\/val\/reunio-amb-la-consellera-de-justicia\/\"><img loading=\"lazy\" width=\"720\" height=\"900\" src=\"https:\/\/monofamilias.es\/wp-content\/uploads\/2023\/05\/gabriela.jpg\" class=\"attachment-full size-full wp-post-image\" alt=\"\" decoding=\"async\" srcset=\"https:\/\/monofamilias.es\/wp-content\/uploads\/2023\/05\/gabriela.jpg 720w, https:\/\/monofamilias.es\/wp-content\/uploads\/2023\/05\/gabriela-240x300.jpg 240w, https:\/\/monofamilias.es\/wp-content\/uploads\/2023\/05\/gabriela-700x875.jpg 700w\" sizes=\"(max-width: 720px) 100vw, 720px\" \/><\/a>\n            <\/div>\n            <div class=\"latest_post\"  >\n                <div class=\"latest_post_text\">\n                    <div class=\"latest_post_inner\">\n                        <div class=\"latest_post_text_inner\">\n                            <h4 itemprop=\"name\" class=\"latest_post_title entry_title\"><a itemprop=\"url\" href=\"https:\/\/monofamilias.es\/val\/reunio-amb-la-consellera-de-justicia\/\">Reuni\u00f3 amb la Consellera de Just\u00edcia<\/a><\/h4>\n                            <p class=\"excerpt\">El passat 18 de maig vam rebre en la seu de Monofamilas a la Consellera de Just\u00edcia Gabriela Bravo, i a les representants de les associacions Per tu D...<\/p>\n                            <span class=\"post_infos\">\n                                                                    <span class=\"date_hour_holder\">\n                                        <span itemprop=\"dateCreated\" class=\"date entry_date updated\">23 May, 2023 <meta itemprop=\"interactionCount\" content=\"UserComments: 0\"\/><\/span>\n                                    <\/span>\n                                                                                                \n                                \n                                                            <\/span>\n                        <\/div>\n                    <\/div>\n                <\/div>\n            <\/div>\n        <\/li>\n    \n        <li class=\"clearfix\">\n            <div class=\"boxes_image\">\n                                <a itemprop=\"url\" href=\"https:\/\/monofamilias.es\/val\/reunio-amb-lajuntament-de-benetusser\/\"><img loading=\"lazy\" width=\"1080\" height=\"1080\" src=\"https:\/\/monofamilias.es\/wp-content\/uploads\/2023\/05\/ayuntamiento-Benetusser.jpg\" class=\"attachment-full size-full wp-post-image\" alt=\"\" decoding=\"async\" srcset=\"https:\/\/monofamilias.es\/wp-content\/uploads\/2023\/05\/ayuntamiento-Benetusser.jpg 1080w, https:\/\/monofamilias.es\/wp-content\/uploads\/2023\/05\/ayuntamiento-Benetusser-300x300.jpg 300w, https:\/\/monofamilias.es\/wp-content\/uploads\/2023\/05\/ayuntamiento-Benetusser-1024x1024.jpg 1024w, https:\/\/monofamilias.es\/wp-content\/uploads\/2023\/05\/ayuntamiento-Benetusser-150x150.jpg 150w, https:\/\/monofamilias.es\/wp-content\/uploads\/2023\/05\/ayuntamiento-Benetusser-768x768.jpg 768w, https:\/\/monofamilias.es\/wp-content\/uploads\/2023\/05\/ayuntamiento-Benetusser-570x570.jpg 570w, https:\/\/monofamilias.es\/wp-content\/uploads\/2023\/05\/ayuntamiento-Benetusser-500x500.jpg 500w, https:\/\/monofamilias.es\/wp-content\/uploads\/2023\/05\/ayuntamiento-Benetusser-1000x1000.jpg 1000w, https:\/\/monofamilias.es\/wp-content\/uploads\/2023\/05\/ayuntamiento-Benetusser-700x700.jpg 700w, https:\/\/monofamilias.es\/wp-content\/uploads\/2023\/05\/ayuntamiento-Benetusser-650x650.jpg 650w\" sizes=\"(max-width: 1080px) 100vw, 1080px\" \/><\/a>\n            <\/div>\n            <div class=\"latest_post\"  >\n                <div class=\"latest_post_text\">\n                    <div class=\"latest_post_inner\">\n                        <div class=\"latest_post_text_inner\">\n                            <h4 itemprop=\"name\" class=\"latest_post_title entry_title\"><a itemprop=\"url\" href=\"https:\/\/monofamilias.es\/val\/reunio-amb-lajuntament-de-benetusser\/\">Reuni\u00f3 amb l&#8217;Ajuntament de Benetusser<\/a><\/h4>\n                            <p class=\"excerpt\">Monofamilias segueix amb les seues rondes de treball, hui hem sigut a l&#8217;Ajuntament de Benet\u00fasser on ens ha rebut la regidora d&#8217;educaci\u00f3 An...<\/p>\n                            <span class=\"post_infos\">\n                                                                    <span class=\"date_hour_holder\">\n                                        <span itemprop=\"dateCreated\" class=\"date entry_date updated\">18 May, 2023 <meta itemprop=\"interactionCount\" content=\"UserComments: 0\"\/><\/span>\n                                    <\/span>\n                                                                                                \n                                \n                                                            <\/span>\n                        <\/div>\n                    <\/div>\n                <\/div>\n            <\/div>\n        <\/li>\n    \n        <li class=\"clearfix\">\n            <div class=\"boxes_image\">\n                                <a itemprop=\"url\" href=\"https:\/\/monofamilias.es\/val\/ja-tenim-guanyadora-del-sorteig-especial-dia-de-la-mare\/\"><img loading=\"lazy\" width=\"1920\" height=\"2560\" src=\"https:\/\/monofamilias.es\/wp-content\/uploads\/2023\/05\/IMG20230513112126_01-scaled.jpg\" class=\"attachment-full size-full wp-post-image\" alt=\"\" decoding=\"async\" srcset=\"https:\/\/monofamilias.es\/wp-content\/uploads\/2023\/05\/IMG20230513112126_01-scaled.jpg 1920w, https:\/\/monofamilias.es\/wp-content\/uploads\/2023\/05\/IMG20230513112126_01-225x300.jpg 225w, https:\/\/monofamilias.es\/wp-content\/uploads\/2023\/05\/IMG20230513112126_01-768x1024.jpg 768w, https:\/\/monofamilias.es\/wp-content\/uploads\/2023\/05\/IMG20230513112126_01-1152x1536.jpg 1152w, https:\/\/monofamilias.es\/wp-content\/uploads\/2023\/05\/IMG20230513112126_01-1536x2048.jpg 1536w, https:\/\/monofamilias.es\/wp-content\/uploads\/2023\/05\/IMG20230513112126_01-600x800.jpg 600w, https:\/\/monofamilias.es\/wp-content\/uploads\/2023\/05\/IMG20230513112126_01-700x933.jpg 700w\" sizes=\"(max-width: 1920px) 100vw, 1920px\" \/><\/a>\n            <\/div>\n            <div class=\"latest_post\"  >\n                <div class=\"latest_post_text\">\n                    <div class=\"latest_post_inner\">\n                        <div class=\"latest_post_text_inner\">\n                            <h4 itemprop=\"name\" class=\"latest_post_title entry_title\"><a itemprop=\"url\" href=\"https:\/\/monofamilias.es\/val\/ja-tenim-guanyadora-del-sorteig-especial-dia-de-la-mare\/\">Ja tenim guanyadora del Sorteig especial &#8220;Dia de la mare&#8221;<\/a><\/h4>\n                            <p class=\"excerpt\">Enhorabona a Neus Iranzo, ha sigut la guanyadora del premi del sorteig especial &#8220;Dia de la mare&#8221;. Ens ha encantat con\u00e9ixer-te i entregar-t...<\/p>\n                            <span class=\"post_infos\">\n                                                                    <span class=\"date_hour_holder\">\n                                        <span itemprop=\"dateCreated\" class=\"date entry_date updated\">18 May, 2023 <meta itemprop=\"interactionCount\" content=\"UserComments: 0\"\/><\/span>\n                                    <\/span>\n                                                                                                \n                                \n                                                            <\/span>\n                        <\/div>\n                    <\/div>\n                <\/div>\n            <\/div>\n        <\/li>\n    \n        <li class=\"clearfix\">\n            <div class=\"boxes_image\">\n                                <a itemprop=\"url\" href=\"https:\/\/monofamilias.es\/val\/sorteig-especial-dia-de-la-mare\/\"><img loading=\"lazy\" width=\"1080\" height=\"1350\" src=\"https:\/\/monofamilias.es\/wp-content\/uploads\/2023\/05\/dia-de-la-madre.jpg\" class=\"attachment-full size-full wp-post-image\" alt=\"\" decoding=\"async\" srcset=\"https:\/\/monofamilias.es\/wp-content\/uploads\/2023\/05\/dia-de-la-madre.jpg 1080w, https:\/\/monofamilias.es\/wp-content\/uploads\/2023\/05\/dia-de-la-madre-240x300.jpg 240w, https:\/\/monofamilias.es\/wp-content\/uploads\/2023\/05\/dia-de-la-madre-819x1024.jpg 819w, https:\/\/monofamilias.es\/wp-content\/uploads\/2023\/05\/dia-de-la-madre-768x960.jpg 768w, https:\/\/monofamilias.es\/wp-content\/uploads\/2023\/05\/dia-de-la-madre-700x875.jpg 700w\" sizes=\"(max-width: 1080px) 100vw, 1080px\" \/><\/a>\n            <\/div>\n            <div class=\"latest_post\"  >\n                <div class=\"latest_post_text\">\n                    <div class=\"latest_post_inner\">\n                        <div class=\"latest_post_text_inner\">\n                            <h4 itemprop=\"name\" class=\"latest_post_title entry_title\"><a itemprop=\"url\" href=\"https:\/\/monofamilias.es\/val\/sorteig-especial-dia-de-la-mare\/\">Sorteig especial &#8220;Dia de la mare&#8221;<\/a><\/h4>\n                            <p class=\"excerpt\">En el Dia de la Mare les nostres mares han de saber que les volem i apreciem molt els seus esfor\u00e7os durant tota una vida. Per aix\u00f2, no hi ha res millo...<\/p>\n                            <span class=\"post_infos\">\n                                                                    <span class=\"date_hour_holder\">\n                                        <span itemprop=\"dateCreated\" class=\"date entry_date updated\">03 May, 2023 <meta itemprop=\"interactionCount\" content=\"UserComments: 0\"\/><\/span>\n                                    <\/span>\n                                                                                                \n                                \n                                                            <\/span>\n                        <\/div>\n                    <\/div>\n                <\/div>\n            <\/div>\n        <\/li>\n    \n        <li class=\"clearfix\">\n            <div class=\"boxes_image\">\n                                <a itemprop=\"url\" href=\"https:\/\/monofamilias.es\/val\/vols-estalviar-en-la-teua-declaracio-de-la-renda\/\"><img loading=\"lazy\" width=\"1080\" height=\"1080\" src=\"https:\/\/monofamilias.es\/wp-content\/uploads\/2023\/04\/campana-renta.jpg\" class=\"attachment-full size-full wp-post-image\" alt=\"\" decoding=\"async\" srcset=\"https:\/\/monofamilias.es\/wp-content\/uploads\/2023\/04\/campana-renta.jpg 1080w, https:\/\/monofamilias.es\/wp-content\/uploads\/2023\/04\/campana-renta-300x300.jpg 300w, https:\/\/monofamilias.es\/wp-content\/uploads\/2023\/04\/campana-renta-1024x1024.jpg 1024w, https:\/\/monofamilias.es\/wp-content\/uploads\/2023\/04\/campana-renta-150x150.jpg 150w, https:\/\/monofamilias.es\/wp-content\/uploads\/2023\/04\/campana-renta-768x768.jpg 768w, https:\/\/monofamilias.es\/wp-content\/uploads\/2023\/04\/campana-renta-570x570.jpg 570w, https:\/\/monofamilias.es\/wp-content\/uploads\/2023\/04\/campana-renta-500x500.jpg 500w, https:\/\/monofamilias.es\/wp-content\/uploads\/2023\/04\/campana-renta-1000x1000.jpg 1000w, https:\/\/monofamilias.es\/wp-content\/uploads\/2023\/04\/campana-renta-700x700.jpg 700w, https:\/\/monofamilias.es\/wp-content\/uploads\/2023\/04\/campana-renta-650x650.jpg 650w\" sizes=\"(max-width: 1080px) 100vw, 1080px\" \/><\/a>\n            <\/div>\n            <div class=\"latest_post\"  >\n                <div class=\"latest_post_text\">\n                    <div class=\"latest_post_inner\">\n                        <div class=\"latest_post_text_inner\">\n                            <h4 itemprop=\"name\" class=\"latest_post_title entry_title\"><a itemprop=\"url\" href=\"https:\/\/monofamilias.es\/val\/vols-estalviar-en-la-teua-declaracio-de-la-renda\/\">Vols estalviar en la teua declaraci\u00f3 de la renda?<\/a><\/h4>\n                            <p class=\"excerpt\">Vols estalviar en la teua declaraci\u00f3 de la renda? Necessites ajuda per a presentar-la? Des de Monofamilias volem ajudar-te gr\u00e0cies a una nova col\u00b7labo...<\/p>\n                            <span class=\"post_infos\">\n                                                                    <span class=\"date_hour_holder\">\n                                        <span itemprop=\"dateCreated\" class=\"date entry_date updated\">27 April, 2023 <meta itemprop=\"interactionCount\" content=\"UserComments: 0\"\/><\/span>\n                                    <\/span>\n                                                                                                \n                                \n                                                            <\/span>\n                        <\/div>\n                    <\/div>\n                <\/div>\n            <\/div>\n        <\/li>\n        <\/ul>\n<\/div>\t\t<\/div>\n\t\t\t\t<\/div>\n\t\t\t\t\t<\/div>\n\t\t<\/div>\n\t\t\t\t\t\t\t<\/div>\n\t\t<\/section>\n\t\t\t\t\t\t\t<\/div>\n\t\t","protected":false},"excerpt":{"rendered":"<p>Esta Navidad, al Circo en familia Esta navidad ven al circo en familia con FANUCOVA. Gala solidaria con precios reducidos para familias. Un a\u00f1o m\u00e1s queremos disfrutar con todas las fam&#8230; 26 noviembre, 2021 D\u00eda de la Infancia 2021 Monofamilias ofrecer\u00e1 entretenimiento a los m\u00e1s&#8230;<\/p>\n","protected":false},"author":1,"featured_media":0,"parent":0,"menu_order":0,"comment_status":"closed","ping_status":"closed","template":"full_width.php","meta":{"om_disable_all_campaigns":false,"_mi_skip_tracking":false,"_monsterinsights_sitenote_active":false,"_monsterinsights_sitenote_note":"","_monsterinsights_sitenote_category":0,"footnotes":""},"yoast_head":"<!-- This site is optimized with the Yoast SEO plugin v21.3 - https:\/\/yoast.com\/wordpress\/plugins\/seo\/ -->\n<title>Not\u00edcies - Monofamilias - Familias Monoparentales de la Comunidad Valenciana<\/title>\n<meta name=\"robots\" content=\"index, follow, max-snippet:-1, max-image-preview:large, max-video-preview:-1\" \/>\n<link rel=\"canonical\" href=\"https:\/\/monofamilias.es\/val\/noticies\/\" \/>\n<meta property=\"og:locale\" content=\"en_US\" \/>\n<meta property=\"og:type\" content=\"article\" \/>\n<meta property=\"og:title\" content=\"Not\u00edcies - Monofamilias - Familias Monoparentales de la Comunidad Valenciana\" \/>\n<meta property=\"og:description\" content=\"Esta Navidad, al Circo en familia Esta navidad ven al circo en familia con FANUCOVA. Gala solidaria con precios reducidos para familias. Un a\u00f1o m\u00e1s queremos disfrutar con todas las fam&#8230; 26 noviembre, 2021 D\u00eda de la Infancia 2021 Monofamilias ofrecer\u00e1 entretenimiento a los m\u00e1s...\" \/>\n<meta property=\"og:url\" content=\"https:\/\/monofamilias.es\/val\/noticies\/\" \/>\n<meta property=\"og:site_name\" content=\"Monofamilias\" \/>\n<meta property=\"article:modified_time\" content=\"2021-12-10T15:04:05+00:00\" \/>\n<meta property=\"og:image\" content=\"https:\/\/monofamilias.es\/wp-content\/uploads\/2021\/11\/SITO-Y-DANI-LOS-RIVELINOS-scaled-1.jpeg\" \/>\n<meta name=\"twitter:card\" content=\"summary_large_image\" \/>\n<meta name=\"twitter:label1\" content=\"Est. reading time\" \/>\n\t<meta name=\"twitter:data1\" content=\"3 minutes\" \/>\n<script type=\"application\/ld+json\" class=\"yoast-schema-graph\">{\"@context\":\"https:\/\/schema.org\",\"@graph\":[{\"@type\":\"WebPage\",\"@id\":\"https:\/\/monofamilias.es\/val\/noticies\/\",\"url\":\"https:\/\/monofamilias.es\/val\/noticies\/\",\"name\":\"Not\u00edcies - Monofamilias - Familias Monoparentales de la Comunidad Valenciana\",\"isPartOf\":{\"@id\":\"https:\/\/monofamilias.es\/#website\"},\"datePublished\":\"2021-12-10T15:03:35+00:00\",\"dateModified\":\"2021-12-10T15:04:05+00:00\",\"inLanguage\":\"val\",\"potentialAction\":[{\"@type\":\"ReadAction\",\"target\":[\"https:\/\/monofamilias.es\/val\/noticies\/\"]}]},{\"@type\":\"WebSite\",\"@id\":\"https:\/\/monofamilias.es\/#website\",\"url\":\"https:\/\/monofamilias.es\/\",\"name\":\"Monofamilias\",\"description\":\"Familias Monoparentales de la Comunidad Valenciana\",\"publisher\":{\"@id\":\"https:\/\/monofamilias.es\/#organization\"},\"potentialAction\":[{\"@type\":\"SearchAction\",\"target\":{\"@type\":\"EntryPoint\",\"urlTemplate\":\"https:\/\/monofamilias.es\/?s={search_term_string}\"},\"query-input\":\"required name=search_term_string\"}],\"inLanguage\":\"val\"},{\"@type\":\"Organization\",\"@id\":\"https:\/\/monofamilias.es\/#organization\",\"name\":\"Monofamilias\",\"url\":\"https:\/\/monofamilias.es\/\",\"logo\":{\"@type\":\"ImageObject\",\"inLanguage\":\"val\",\"@id\":\"https:\/\/monofamilias.es\/#\/schema\/logo\/image\/\",\"url\":\"https:\/\/monofamilias.es\/wp-content\/uploads\/2020\/04\/Familias-Monoparentales-Valencia-r.png\",\"contentUrl\":\"https:\/\/monofamilias.es\/wp-content\/uploads\/2020\/04\/Familias-Monoparentales-Valencia-r.png\",\"width\":900,\"height\":265,\"caption\":\"Monofamilias\"},\"image\":{\"@id\":\"https:\/\/monofamilias.es\/#\/schema\/logo\/image\/\"}}]}<\/script>\n<!-- \/ Yoast SEO plugin. -->","yoast_head_json":{"title":"Not\u00edcies - Monofamilias - Familias Monoparentales de la Comunidad Valenciana","robots":{"index":"index","follow":"follow","max-snippet":"max-snippet:-1","max-image-preview":"max-image-preview:large","max-video-preview":"max-video-preview:-1"},"canonical":"https:\/\/monofamilias.es\/val\/noticies\/","og_locale":"en_US","og_type":"article","og_title":"Not\u00edcies - Monofamilias - Familias Monoparentales de la Comunidad Valenciana","og_description":"Esta Navidad, al Circo en familia Esta navidad ven al circo en familia con FANUCOVA. Gala solidaria con precios reducidos para familias. Un a\u00f1o m\u00e1s queremos disfrutar con todas las fam&#8230; 26 noviembre, 2021 D\u00eda de la Infancia 2021 Monofamilias ofrecer\u00e1 entretenimiento a los m\u00e1s...","og_url":"https:\/\/monofamilias.es\/val\/noticies\/","og_site_name":"Monofamilias","article_modified_time":"2021-12-10T15:04:05+00:00","og_image":[{"url":"https:\/\/monofamilias.es\/wp-content\/uploads\/2021\/11\/SITO-Y-DANI-LOS-RIVELINOS-scaled-1.jpeg"}],"twitter_card":"summary_large_image","twitter_misc":{"Est. reading time":"3 minutes"},"schema":{"@context":"https:\/\/schema.org","@graph":[{"@type":"WebPage","@id":"https:\/\/monofamilias.es\/val\/noticies\/","url":"https:\/\/monofamilias.es\/val\/noticies\/","name":"Not\u00edcies - Monofamilias - Familias Monoparentales de la Comunidad Valenciana","isPartOf":{"@id":"https:\/\/monofamilias.es\/#website"},"datePublished":"2021-12-10T15:03:35+00:00","dateModified":"2021-12-10T15:04:05+00:00","inLanguage":"val","potentialAction":[{"@type":"ReadAction","target":["https:\/\/monofamilias.es\/val\/noticies\/"]}]},{"@type":"WebSite","@id":"https:\/\/monofamilias.es\/#website","url":"https:\/\/monofamilias.es\/","name":"Monofamilias","description":"Familias Monoparentales de la Comunidad Valenciana","publisher":{"@id":"https:\/\/monofamilias.es\/#organization"},"potentialAction":[{"@type":"SearchAction","target":{"@type":"EntryPoint","urlTemplate":"https:\/\/monofamilias.es\/?s={search_term_string}"},"query-input":"required name=search_term_string"}],"inLanguage":"val"},{"@type":"Organization","@id":"https:\/\/monofamilias.es\/#organization","name":"Monofamilias","url":"https:\/\/monofamilias.es\/","logo":{"@type":"ImageObject","inLanguage":"val","@id":"https:\/\/monofamilias.es\/#\/schema\/logo\/image\/","url":"https:\/\/monofamilias.es\/wp-content\/uploads\/2020\/04\/Familias-Monoparentales-Valencia-r.png","contentUrl":"https:\/\/monofamilias.es\/wp-content\/uploads\/2020\/04\/Familias-Monoparentales-Valencia-r.png","width":900,"height":265,"caption":"Monofamilias"},"image":{"@id":"https:\/\/monofamilias.es\/#\/schema\/logo\/image\/"}}]}},"_links":{"self":[{"href":"https:\/\/monofamilias.es\/val\/wp-json\/wp\/v2\/pages\/2024"}],"collection":[{"href":"https:\/\/monofamilias.es\/val\/wp-json\/wp\/v2\/pages"}],"about":[{"href":"https:\/\/monofamilias.es\/val\/wp-json\/wp\/v2\/types\/page"}],"author":[{"embeddable":true,"href":"https:\/\/monofamilias.es\/val\/wp-json\/wp\/v2\/users\/1"}],"replies":[{"embeddable":true,"href":"https:\/\/monofamilias.es\/val\/wp-json\/wp\/v2\/comments?post=2024"}],"version-history":[{"count":5,"href":"https:\/\/monofamilias.es\/val\/wp-json\/wp\/v2\/pages\/2024\/revisions"}],"predecessor-version":[{"id":2031,"href":"https:\/\/monofamilias.es\/val\/wp-json\/wp\/v2\/pages\/2024\/revisions\/2031"}],"wp:attachment":[{"href":"https:\/\/monofamilias.es\/val\/wp-json\/wp\/v2\/media?parent=2024"}],"curies":[{"name":"wp","href":"https:\/\/api.w.org\/{rel}","templated":true}]}}