{"id":3600,"date":"2023-07-23T16:36:06","date_gmt":"2023-07-23T16:36:06","guid":{"rendered":"https:\/\/monofamilias.es\/?page_id=3600"},"modified":"2023-07-23T16:36:06","modified_gmt":"2023-07-23T16:36:06","slug":"observatori","status":"publish","type":"page","link":"https:\/\/monofamilias.es\/val\/observatori\/","title":{"rendered":"Observatori"},"content":{"rendered":"\t\t<div data-elementor-type=\"wp-page\" data-elementor-id=\"3600\" class=\"elementor elementor-3600 elementor-3599\">\n\t\t\t\t\t\t\t\t\t<section class=\"elementor-section elementor-top-section elementor-element elementor-element-19a0ad1 elementor-section-full_width elementor-section-height-default elementor-section-height-default parallax_section_no qode_elementor_container_no\" data-id=\"19a0ad1\" data-element_type=\"section\">\n\t\t\t\t\t\t<div class=\"elementor-container elementor-column-gap-default\">\n\t\t\t\t\t<div class=\"elementor-column elementor-col-100 elementor-top-column elementor-element elementor-element-e15994d\" data-id=\"e15994d\" data-element_type=\"column\">\n\t\t\t<div class=\"elementor-widget-wrap elementor-element-populated\">\n\t\t\t\t\t\t\t\t<div class=\"elementor-element elementor-element-ef0b4a6 elementor-widget elementor-widget-text-editor\" data-id=\"ef0b4a6\" data-element_type=\"widget\" data-widget_type=\"text-editor.default\">\n\t\t\t\t<div class=\"elementor-widget-container\">\n\t\t\t<style>\/*! elementor - v3.16.0 - 20-09-2023 *\/\n.elementor-widget-text-editor.elementor-drop-cap-view-stacked .elementor-drop-cap{background-color:#69727d;color:#fff}.elementor-widget-text-editor.elementor-drop-cap-view-framed .elementor-drop-cap{color:#69727d;border:3px solid;background-color:transparent}.elementor-widget-text-editor:not(.elementor-drop-cap-view-default) .elementor-drop-cap{margin-top:8px}.elementor-widget-text-editor:not(.elementor-drop-cap-view-default) .elementor-drop-cap-letter{width:1em;height:1em}.elementor-widget-text-editor .elementor-drop-cap{float:left;text-align:center;line-height:1;font-size:50px}.elementor-widget-text-editor .elementor-drop-cap-letter{display:inline-block}<\/style>\t\t\t\t<h2 style=\"text-align: center;\">Observatori de Fam\u00edlies Monoparentals<\/h2>\t\t\t\t\t\t<\/div>\n\t\t\t\t<\/div>\n\t\t\t\t\t<\/div>\n\t\t<\/div>\n\t\t\t\t\t\t\t<\/div>\n\t\t<\/section>\n\t\t\t\t<section class=\"elementor-section elementor-top-section elementor-element elementor-element-00fe211 elementor-section-boxed elementor-section-height-default elementor-section-height-default parallax_section_no qode_elementor_container_no\" data-id=\"00fe211\" data-element_type=\"section\">\n\t\t\t\t\t\t<div class=\"elementor-container elementor-column-gap-default\">\n\t\t\t\t\t<div class=\"elementor-column elementor-col-100 elementor-top-column elementor-element elementor-element-9514683\" data-id=\"9514683\" data-element_type=\"column\">\n\t\t\t<div class=\"elementor-widget-wrap elementor-element-populated\">\n\t\t\t\t\t\t\t\t<div class=\"elementor-element elementor-element-107f69d elementor-widget elementor-widget-qi_addons_for_elementor_blog_list\" data-id=\"107f69d\" data-element_type=\"widget\" data-widget_type=\"qi_addons_for_elementor_blog_list.default\">\n\t\t\t\t<div class=\"elementor-widget-container\">\n\t\t\t<div class=\"qodef-shortcode qodef-m  qodef-addons-blog-list qodef-info-no-icons  qodef-image--hover-zoom   qodef-qi-grid qodef-layout--qi-columns  qodef-col-num--3  qodef-item-layout--date-boxed qodef-responsive--predefined\" >\n\t<div class=\"qodef-grid-inner\">\n\t\t<article class=\"qodef-e qodef-blog-item qodef-grid-item qodef-item--landscape post-4131 post type-post status-publish format-gallery has-post-thumbnail hentry category-activitats category-noticies category-observatori post_format-post-format-gallery\">\n\t<div class=\"qodef-e-inner\">\n\t\t<div class=\"qodef-e-media-holder\">\n\t\t\t<div class=\"qodef-e-media\">\n\t\t<div class=\"qodef-e-media-image\">\n\t\t<a itemprop=\"url\" href=\"https:\/\/monofamilias.es\/val\/fotos-de-li-congres-de-families-monoparentals\/\">\n\t\t\t<img loading=\"lazy\" width=\"1300\" height=\"650\" src=\"https:\/\/monofamilias.es\/wp-content\/uploads\/2023\/10\/IMG_4622-1300x650.jpg\" class=\"attachment-qi_addons_for_elementor_image_size_landscape size-qi_addons_for_elementor_image_size_landscape\" alt=\"\" decoding=\"async\" srcset=\"https:\/\/monofamilias.es\/wp-content\/uploads\/2023\/10\/IMG_4622-1300x650.jpg 1300w, https:\/\/monofamilias.es\/wp-content\/uploads\/2023\/10\/IMG_4622-1000x500.jpg 1000w\" sizes=\"(max-width: 1300px) 100vw, 1300px\" \/>\t\t<\/a>\n\t\t\t<\/div>\n<\/div>\n<div itemprop=\"dateCreated\" class=\"qodef-e-info-item qodef-e-info-date entry-date \">\n\t<a itemprop=\"url\" href=\"https:\/\/monofamilias.es\/val\/2023\/10\/\">\n\t\t3 Oct\t<\/a>\n<\/div>\n\t\t<\/div>\n\t\t<div class=\"qodef-e-content\">\n\t\t\t\t\t\t\t<div class=\"qodef-e-info qodef-info--top\">\n\t\t\t\t\t\t\t\t\t<\/div>\n\t\t\t\t\t\t<div class=\"qodef-e-text\">\n\t\t\t\t<h4 itemprop=\"name\" class=\"qodef-e-title entry-title\">\n\t<a itemprop=\"url\" class=\"qodef-e-title-link\" href=\"https:\/\/monofamilias.es\/val\/fotos-de-li-congres-de-families-monoparentals\/\">\n\t\tFotos de l&#8217;I Congr\u00e9s de Fam\u00edlies Monoparentals\t<\/a>\n<\/h4>\n\t\t<p itemprop=\"description\" class=\"qodef-e-excerpt\">\n\t\t\tUs deixem una s\u00e8rie de fotografies del passat 1 d&#8217;octubre, quan celebrem la primera edici\u00f3 del Congr\u00e9s Auton\u00f2mic de Fam\u00edlies Monoparentals &nbsp; &nbsp;\t\t<\/p>\n\t\t\t\t<\/div>\n\t\t\t\t\t\t\t<div class=\"qodef-e-info qodef-info--bottom\">\n\t\t\t\t\t\t<div class=\"qodef-e-read-more\">\n\t\t<a class=\"qodef-shortcode qodef-m  qodef-qi-button qodef-html--link qodef-layout--textual qodef-type--standard   qodef-icon--right qodef-hover--icon-move-horizontal-short   qodef-text-underline qodef-underline--left \" href=\"https:\/\/monofamilias.es\/val\/fotos-de-li-congres-de-families-monoparentals\/\" target=\"_self\">\t<span class=\"qodef-m-text\">Llegir m\u00e9s<\/span>\t<\/a>\t<\/div>\n\t\t\t\t<\/div>\n\t\t\t\t\t<\/div>\n\t<\/div>\n<\/article>\n<article class=\"qodef-e qodef-blog-item qodef-grid-item qodef-item--landscape post-4127 post type-post status-publish format-standard has-post-thumbnail hentry category-noticies category-observatori\">\n\t<div class=\"qodef-e-inner\">\n\t\t<div class=\"qodef-e-media-holder\">\n\t\t\t<div class=\"qodef-e-media\">\n\t\t<div class=\"qodef-e-media-image\">\n\t\t<a itemprop=\"url\" href=\"https:\/\/monofamilias.es\/val\/congres-de-families-monoparental\/\">\n\t\t\t<img loading=\"lazy\" width=\"1300\" height=\"650\" src=\"https:\/\/monofamilias.es\/wp-content\/uploads\/2023\/10\/IMG_4690-1300x650.jpg\" class=\"attachment-qi_addons_for_elementor_image_size_landscape size-qi_addons_for_elementor_image_size_landscape\" alt=\"\" decoding=\"async\" srcset=\"https:\/\/monofamilias.es\/wp-content\/uploads\/2023\/10\/IMG_4690-1300x650.jpg 1300w, https:\/\/monofamilias.es\/wp-content\/uploads\/2023\/10\/IMG_4690-1000x500.jpg 1000w\" sizes=\"(max-width: 1300px) 100vw, 1300px\" \/>\t\t<\/a>\n\t\t\t<\/div>\n<\/div>\n<div itemprop=\"dateCreated\" class=\"qodef-e-info-item qodef-e-info-date entry-date \">\n\t<a itemprop=\"url\" href=\"https:\/\/monofamilias.es\/val\/2023\/10\/\">\n\t\t3 Oct\t<\/a>\n<\/div>\n\t\t<\/div>\n\t\t<div class=\"qodef-e-content\">\n\t\t\t\t\t\t\t<div class=\"qodef-e-info qodef-info--top\">\n\t\t\t\t\t\t\t\t\t<\/div>\n\t\t\t\t\t\t<div class=\"qodef-e-text\">\n\t\t\t\t<h4 itemprop=\"name\" class=\"qodef-e-title entry-title\">\n\t<a itemprop=\"url\" class=\"qodef-e-title-link\" href=\"https:\/\/monofamilias.es\/val\/congres-de-families-monoparental\/\">\n\t\tProp de 300 fam\u00edlies participen en l&#8217;I Congr\u00e9s de Fam\u00edlies Monoparentals\t<\/a>\n<\/h4>\n\t\t<p itemprop=\"description\" class=\"qodef-e-excerpt\">\n\t\t\tDiumenge passat vam celebrar en el Museu Pr\u00edncep Felip, de la Ciutat de les Arts i les Ci\u00e8ncies de Val\u00e8ncia, l&#8217;I Congr\u00e9s de Fam\u00edlies Monoparentals de la Comunitat Valenc\t\t<\/p>\n\t\t\t\t<\/div>\n\t\t\t\t\t\t\t<div class=\"qodef-e-info qodef-info--bottom\">\n\t\t\t\t\t\t<div class=\"qodef-e-read-more\">\n\t\t<a class=\"qodef-shortcode qodef-m  qodef-qi-button qodef-html--link qodef-layout--textual qodef-type--standard   qodef-icon--right qodef-hover--icon-move-horizontal-short   qodef-text-underline qodef-underline--left \" href=\"https:\/\/monofamilias.es\/val\/congres-de-families-monoparental\/\" target=\"_self\">\t<span class=\"qodef-m-text\">Llegir m\u00e9s<\/span>\t<\/a>\t<\/div>\n\t\t\t\t<\/div>\n\t\t\t\t\t<\/div>\n\t<\/div>\n<\/article>\n<article class=\"qodef-e qodef-blog-item qodef-grid-item qodef-item--landscape post-3845 post type-post status-publish format-standard has-post-thumbnail hentry category-activitats category-noticies category-observatori\">\n\t<div class=\"qodef-e-inner\">\n\t\t<div class=\"qodef-e-media-holder\">\n\t\t\t<div class=\"qodef-e-media\">\n\t\t<div class=\"qodef-e-media-image\">\n\t\t<a itemprop=\"url\" href=\"https:\/\/monofamilias.es\/val\/congres-autonomic-de-families-monoparentals\/\">\n\t\t\t<img loading=\"lazy\" width=\"1300\" height=\"650\" src=\"https:\/\/monofamilias.es\/wp-content\/uploads\/2023\/09\/congreso-familias-monoparentales-1300x650.png\" class=\"attachment-qi_addons_for_elementor_image_size_landscape size-qi_addons_for_elementor_image_size_landscape\" alt=\"\" decoding=\"async\" srcset=\"https:\/\/monofamilias.es\/wp-content\/uploads\/2023\/09\/congreso-familias-monoparentales-1300x650.png 1300w, https:\/\/monofamilias.es\/wp-content\/uploads\/2023\/09\/congreso-familias-monoparentales-1000x500.png 1000w\" sizes=\"(max-width: 1300px) 100vw, 1300px\" \/>\t\t<\/a>\n\t\t\t<\/div>\n<\/div>\n<div itemprop=\"dateCreated\" class=\"qodef-e-info-item qodef-e-info-date entry-date \">\n\t<a itemprop=\"url\" href=\"https:\/\/monofamilias.es\/val\/2023\/09\/\">\n\t\t12 Sep\t<\/a>\n<\/div>\n\t\t<\/div>\n\t\t<div class=\"qodef-e-content\">\n\t\t\t\t\t\t\t<div class=\"qodef-e-info qodef-info--top\">\n\t\t\t\t\t\t\t\t\t<\/div>\n\t\t\t\t\t\t<div class=\"qodef-e-text\">\n\t\t\t\t<h4 itemprop=\"name\" class=\"qodef-e-title entry-title\">\n\t<a itemprop=\"url\" class=\"qodef-e-title-link\" href=\"https:\/\/monofamilias.es\/val\/congres-autonomic-de-families-monoparentals\/\">\n\t\tCelebrem el I Congres Auton\u00f2mic de Fam\u00edlies Monoparentals\t<\/a>\n<\/h4>\n\t\t<p itemprop=\"description\" class=\"qodef-e-excerpt\">\n\t\t\tEl pr\u00f2xim 1 d&#8217;octubre tindr\u00e0 lloc a la Ciutat de les Arts i les Ci\u00e8ncies de Val\u00e8ncia l&#8217;I Congr\u00e9s Auton\u00f2mic de Fam\u00edlies Monoparentals. Un esdeveniment organitzat \t\t<\/p>\n\t\t\t\t<\/div>\n\t\t\t\t\t\t\t<div class=\"qodef-e-info qodef-info--bottom\">\n\t\t\t\t\t\t<div class=\"qodef-e-read-more\">\n\t\t<a class=\"qodef-shortcode qodef-m  qodef-qi-button qodef-html--link qodef-layout--textual qodef-type--standard   qodef-icon--right qodef-hover--icon-move-horizontal-short   qodef-text-underline qodef-underline--left \" href=\"https:\/\/monofamilias.es\/val\/congres-autonomic-de-families-monoparentals\/\" target=\"_self\">\t<span class=\"qodef-m-text\">Llegir m\u00e9s<\/span>\t<\/a>\t<\/div>\n\t\t\t\t<\/div>\n\t\t\t\t\t<\/div>\n\t<\/div>\n<\/article>\n<article class=\"qodef-e qodef-blog-item qodef-grid-item qodef-item--landscape post-3661 post type-post status-publish format-standard has-post-thumbnail hentry category-noticies category-observatori\">\n\t<div class=\"qodef-e-inner\">\n\t\t<div class=\"qodef-e-media-holder\">\n\t\t\t<div class=\"qodef-e-media\">\n\t\t<div class=\"qodef-e-media-image\">\n\t\t<a itemprop=\"url\" href=\"https:\/\/monofamilias.es\/val\/conclusions-de-li-estudi-de-families-monoparentals\/\">\n\t\t\t<img loading=\"lazy\" width=\"1000\" height=\"650\" src=\"https:\/\/monofamilias.es\/wp-content\/uploads\/2023\/04\/madre-hijita-habitacion-1000x650.jpg\" class=\"attachment-qi_addons_for_elementor_image_size_landscape size-qi_addons_for_elementor_image_size_landscape\" alt=\"\" decoding=\"async\" srcset=\"https:\/\/monofamilias.es\/wp-content\/uploads\/2023\/04\/madre-hijita-habitacion-1000x650.jpg 1000w, https:\/\/monofamilias.es\/wp-content\/uploads\/2023\/04\/madre-hijita-habitacion-400x260.jpg 400w\" sizes=\"(max-width: 1000px) 100vw, 1000px\" \/>\t\t<\/a>\n\t\t\t<\/div>\n<\/div>\n<div itemprop=\"dateCreated\" class=\"qodef-e-info-item qodef-e-info-date entry-date \">\n\t<a itemprop=\"url\" href=\"https:\/\/monofamilias.es\/val\/2023\/04\/\">\n\t\t23 Apr\t<\/a>\n<\/div>\n\t\t<\/div>\n\t\t<div class=\"qodef-e-content\">\n\t\t\t\t\t\t\t<div class=\"qodef-e-info qodef-info--top\">\n\t\t\t\t\t\t\t\t\t<\/div>\n\t\t\t\t\t\t<div class=\"qodef-e-text\">\n\t\t\t\t<h4 itemprop=\"name\" class=\"qodef-e-title entry-title\">\n\t<a itemprop=\"url\" class=\"qodef-e-title-link\" href=\"https:\/\/monofamilias.es\/val\/conclusions-de-li-estudi-de-families-monoparentals\/\">\n\t\tConclusions de l&#8217;I Estudi de Fam\u00edlies Monoparentals\t<\/a>\n<\/h4>\n\t\t<p itemprop=\"description\" class=\"qodef-e-excerpt\">\n\t\t\tMonofamilias elabora el seu I estudi i presenta les conclusions als mitjans de comunicaci\u00f3 amb una repercussi\u00f3 molt positiva. Esperem amb aix\u00f2 fomentar la sensibilitzaci\u00f3 de la\t\t<\/p>\n\t\t\t\t<\/div>\n\t\t\t\t\t\t\t<div class=\"qodef-e-info qodef-info--bottom\">\n\t\t\t\t\t\t<div class=\"qodef-e-read-more\">\n\t\t<a class=\"qodef-shortcode qodef-m  qodef-qi-button qodef-html--link qodef-layout--textual qodef-type--standard   qodef-icon--right qodef-hover--icon-move-horizontal-short   qodef-text-underline qodef-underline--left \" href=\"https:\/\/monofamilias.es\/val\/conclusions-de-li-estudi-de-families-monoparentals\/\" target=\"_self\">\t<span class=\"qodef-m-text\">Llegir m\u00e9s<\/span>\t<\/a>\t<\/div>\n\t\t\t\t<\/div>\n\t\t\t\t\t<\/div>\n\t<\/div>\n<\/article>\n<article class=\"qodef-e qodef-blog-item qodef-grid-item qodef-item--landscape post-3085 post type-post status-publish format-standard has-post-thumbnail hentry category-noticies category-observatori\">\n\t<div class=\"qodef-e-inner\">\n\t\t<div class=\"qodef-e-media-holder\">\n\t\t\t<div class=\"qodef-e-media\">\n\t\t<div class=\"qodef-e-media-image\">\n\t\t<a itemprop=\"url\" href=\"https:\/\/monofamilias.es\/val\/monofamilias-en-las-cortes-valencianas\/\">\n\t\t\t<img loading=\"lazy\" width=\"1300\" height=\"650\" src=\"https:\/\/monofamilias.es\/wp-content\/uploads\/2023\/02\/foto-cortes-febrero-23-1300x650.jpeg\" class=\"attachment-qi_addons_for_elementor_image_size_landscape size-qi_addons_for_elementor_image_size_landscape\" alt=\"Monofamilias en las Cortes Valencianas\" decoding=\"async\" srcset=\"https:\/\/monofamilias.es\/wp-content\/uploads\/2023\/02\/foto-cortes-febrero-23-1300x650.jpeg 1300w, https:\/\/monofamilias.es\/wp-content\/uploads\/2023\/02\/foto-cortes-febrero-23-1000x500.jpeg 1000w\" sizes=\"(max-width: 1300px) 100vw, 1300px\" \/>\t\t<\/a>\n\t\t\t<\/div>\n<\/div>\n<div itemprop=\"dateCreated\" class=\"qodef-e-info-item qodef-e-info-date entry-date \">\n\t<a itemprop=\"url\" href=\"https:\/\/monofamilias.es\/val\/2023\/02\/\">\n\t\t28 Feb\t<\/a>\n<\/div>\n\t\t<\/div>\n\t\t<div class=\"qodef-e-content\">\n\t\t\t\t\t\t\t<div class=\"qodef-e-info qodef-info--top\">\n\t\t\t\t\t\t\t\t\t<\/div>\n\t\t\t\t\t\t<div class=\"qodef-e-text\">\n\t\t\t\t<h4 itemprop=\"name\" class=\"qodef-e-title entry-title\">\n\t<a itemprop=\"url\" class=\"qodef-e-title-link\" href=\"https:\/\/monofamilias.es\/val\/monofamilias-en-las-cortes-valencianas\/\">\n\t\tLes fam\u00edlies monoparentals, representades per Monofamilias, a Les Corts\t<\/a>\n<\/h4>\n\t\t<p itemprop=\"description\" class=\"qodef-e-excerpt\">\n\t\t\tLa presidenta de Monofamilias Beatriz Navarro va compar\u00e9ixer fa pocs dies en Les Corts Valencianes en relaci\u00f3 al nou avantprojecte de Llei de les Fam\u00edlies. A aquesta compareixen\t\t<\/p>\n\t\t\t\t<\/div>\n\t\t\t\t\t\t\t<div class=\"qodef-e-info qodef-info--bottom\">\n\t\t\t\t\t\t<div class=\"qodef-e-read-more\">\n\t\t<a class=\"qodef-shortcode qodef-m  qodef-qi-button qodef-html--link qodef-layout--textual qodef-type--standard   qodef-icon--right qodef-hover--icon-move-horizontal-short   qodef-text-underline qodef-underline--left \" href=\"https:\/\/monofamilias.es\/val\/monofamilias-en-las-cortes-valencianas\/\" target=\"_self\">\t<span class=\"qodef-m-text\">Llegir m\u00e9s<\/span>\t<\/a>\t<\/div>\n\t\t\t\t<\/div>\n\t\t\t\t\t<\/div>\n\t<\/div>\n<\/article>\n<article class=\"qodef-e qodef-blog-item qodef-grid-item qodef-item--landscape post-3586 post type-post status-publish format-standard has-post-thumbnail hentry category-noticies category-observatori\">\n\t<div class=\"qodef-e-inner\">\n\t\t<div class=\"qodef-e-media-holder\">\n\t\t\t<div class=\"qodef-e-media\">\n\t\t<div class=\"qodef-e-media-image\">\n\t\t<a itemprop=\"url\" href=\"https:\/\/monofamilias.es\/val\/arranca-el-observatorio-de-familias-monoparentales\/\">\n\t\t\t<img loading=\"lazy\" width=\"1300\" height=\"650\" src=\"https:\/\/monofamilias.es\/wp-content\/uploads\/2023\/02\/observatorio-familias-monoparentales-1300x650.jpg\" class=\"attachment-qi_addons_for_elementor_image_size_landscape size-qi_addons_for_elementor_image_size_landscape\" alt=\"\" decoding=\"async\" srcset=\"https:\/\/monofamilias.es\/wp-content\/uploads\/2023\/02\/observatorio-familias-monoparentales-1300x650.jpg 1300w, https:\/\/monofamilias.es\/wp-content\/uploads\/2023\/02\/observatorio-familias-monoparentales-1000x500.jpg 1000w\" sizes=\"(max-width: 1300px) 100vw, 1300px\" \/>\t\t<\/a>\n\t\t\t<\/div>\n<\/div>\n<div itemprop=\"dateCreated\" class=\"qodef-e-info-item qodef-e-info-date entry-date \">\n\t<a itemprop=\"url\" href=\"https:\/\/monofamilias.es\/val\/2023\/02\/\">\n\t\t8 Feb\t<\/a>\n<\/div>\n\t\t<\/div>\n\t\t<div class=\"qodef-e-content\">\n\t\t\t\t\t\t\t<div class=\"qodef-e-info qodef-info--top\">\n\t\t\t\t\t\t\t\t\t<\/div>\n\t\t\t\t\t\t<div class=\"qodef-e-text\">\n\t\t\t\t<h4 itemprop=\"name\" class=\"qodef-e-title entry-title\">\n\t<a itemprop=\"url\" class=\"qodef-e-title-link\" href=\"https:\/\/monofamilias.es\/val\/arranca-el-observatorio-de-familias-monoparentales\/\">\n\t\tArranca l&#8217;Observatori de Fam\u00edlies Monoparentals\t<\/a>\n<\/h4>\n\t\t<p itemprop=\"description\" class=\"qodef-e-excerpt\">\n\t\t\tMonofamilias posa en marxa el seu propi Observatori per a investigar i analitzar els reptes als quals s&#8217;enfronten les fam\u00edlies monoparentals. D&#8217;aquesta manera, podem p\t\t<\/p>\n\t\t\t\t<\/div>\n\t\t\t\t\t\t\t<div class=\"qodef-e-info qodef-info--bottom\">\n\t\t\t\t\t\t<div class=\"qodef-e-read-more\">\n\t\t<a class=\"qodef-shortcode qodef-m  qodef-qi-button qodef-html--link qodef-layout--textual qodef-type--standard   qodef-icon--right qodef-hover--icon-move-horizontal-short   qodef-text-underline qodef-underline--left \" href=\"https:\/\/monofamilias.es\/val\/arranca-el-observatorio-de-familias-monoparentales\/\" target=\"_self\">\t<span class=\"qodef-m-text\">Llegir m\u00e9s<\/span>\t<\/a>\t<\/div>\n\t\t\t\t<\/div>\n\t\t\t\t\t<\/div>\n\t<\/div>\n<\/article>\n\t<\/div>\n\t<\/div>\n\t\t<\/div>\n\t\t\t\t<\/div>\n\t\t\t\t\t<\/div>\n\t\t<\/div>\n\t\t\t\t\t\t\t<\/div>\n\t\t<\/section>\n\t\t\t\t<section class=\"elementor-section elementor-top-section elementor-element elementor-element-d720444 elementor-section-boxed elementor-section-height-default elementor-section-height-default parallax_section_no qode_elementor_container_no\" data-id=\"d720444\" data-element_type=\"section\">\n\t\t\t\t\t\t<div class=\"elementor-container elementor-column-gap-default\">\n\t\t\t\t\t<div class=\"elementor-column elementor-col-100 elementor-top-column elementor-element elementor-element-2037585\" data-id=\"2037585\" data-element_type=\"column\">\n\t\t\t<div class=\"elementor-widget-wrap elementor-element-populated\">\n\t\t\t\t\t\t\t\t<div class=\"elementor-element elementor-element-fd522b8 elementor-widget elementor-widget-text-editor\" data-id=\"fd522b8\" data-element_type=\"widget\" data-widget_type=\"text-editor.default\">\n\t\t\t\t<div class=\"elementor-widget-container\">\n\t\t\t\t\t\t\t<h4 style=\"text-align: center;\">Amb la col.laboraci\u00f3 de:<\/h4>\t\t\t\t\t\t<\/div>\n\t\t\t\t<\/div>\n\t\t\t\t\t<\/div>\n\t\t<\/div>\n\t\t\t\t\t\t\t<\/div>\n\t\t<\/section>\n\t\t\t\t<section class=\"elementor-section elementor-top-section elementor-element elementor-element-1815f462 elementor-section-boxed elementor-section-height-default elementor-section-height-default parallax_section_no qode_elementor_container_no\" data-id=\"1815f462\" data-element_type=\"section\">\n\t\t\t\t\t\t<div class=\"elementor-container elementor-column-gap-default\">\n\t\t\t\t\t<div class=\"elementor-column elementor-col-25 elementor-top-column elementor-element elementor-element-91914f8\" data-id=\"91914f8\" data-element_type=\"column\">\n\t\t\t<div class=\"elementor-widget-wrap elementor-element-populated\">\n\t\t\t\t\t\t\t\t<div class=\"elementor-element elementor-element-2158cbbc elementor-widget elementor-widget-image\" data-id=\"2158cbbc\" data-element_type=\"widget\" data-widget_type=\"image.default\">\n\t\t\t\t<div class=\"elementor-widget-container\">\n\t\t\t<style>\/*! elementor - v3.16.0 - 20-09-2023 *\/\n.elementor-widget-image{text-align:center}.elementor-widget-image a{display:inline-block}.elementor-widget-image a img[src$=\".svg\"]{width:48px}.elementor-widget-image img{vertical-align:middle;display:inline-block}<\/style>\t\t\t\t\t\t\t\t\t\t\t\t<img decoding=\"async\" loading=\"lazy\" width=\"1024\" height=\"400\" src=\"https:\/\/monofamilias.es\/wp-content\/uploads\/2022\/01\/GVA1.png\" class=\"attachment-large size-large wp-image-2257\" alt=\"\" srcset=\"https:\/\/monofamilias.es\/wp-content\/uploads\/2022\/01\/GVA1.png 1024w, https:\/\/monofamilias.es\/wp-content\/uploads\/2022\/01\/GVA1-300x117.png 300w, https:\/\/monofamilias.es\/wp-content\/uploads\/2022\/01\/GVA1-768x300.png 768w, https:\/\/monofamilias.es\/wp-content\/uploads\/2022\/01\/GVA1-700x273.png 700w\" sizes=\"(max-width: 1024px) 100vw, 1024px\" \/>\t\t\t\t\t\t\t\t\t\t\t\t\t\t\t<\/div>\n\t\t\t\t<\/div>\n\t\t\t\t\t<\/div>\n\t\t<\/div>\n\t\t\t\t<div class=\"elementor-column elementor-col-25 elementor-top-column elementor-element elementor-element-3a0359e1\" data-id=\"3a0359e1\" data-element_type=\"column\">\n\t\t\t<div class=\"elementor-widget-wrap elementor-element-populated\">\n\t\t\t\t\t\t\t\t<div class=\"elementor-element elementor-element-16ad8b9 elementor-widget elementor-widget-image\" data-id=\"16ad8b9\" data-element_type=\"widget\" data-widget_type=\"image.default\">\n\t\t\t\t<div class=\"elementor-widget-container\">\n\t\t\t\t\t\t\t\t\t\t\t\t\t\t\t<img decoding=\"async\" loading=\"lazy\" width=\"1024\" height=\"400\" src=\"https:\/\/monofamilias.es\/wp-content\/uploads\/2022\/01\/diputacion2.png\" class=\"attachment-large size-large wp-image-2253\" alt=\"\" srcset=\"https:\/\/monofamilias.es\/wp-content\/uploads\/2022\/01\/diputacion2.png 1024w, https:\/\/monofamilias.es\/wp-content\/uploads\/2022\/01\/diputacion2-300x117.png 300w, https:\/\/monofamilias.es\/wp-content\/uploads\/2022\/01\/diputacion2-768x300.png 768w, https:\/\/monofamilias.es\/wp-content\/uploads\/2022\/01\/diputacion2-700x273.png 700w\" sizes=\"(max-width: 1024px) 100vw, 1024px\" \/>\t\t\t\t\t\t\t\t\t\t\t\t\t\t\t<\/div>\n\t\t\t\t<\/div>\n\t\t\t\t\t<\/div>\n\t\t<\/div>\n\t\t\t\t<div class=\"elementor-column elementor-col-25 elementor-top-column elementor-element elementor-element-499a25c9\" data-id=\"499a25c9\" data-element_type=\"column\">\n\t\t\t<div class=\"elementor-widget-wrap elementor-element-populated\">\n\t\t\t\t\t\t\t\t<div class=\"elementor-element elementor-element-1748af00 elementor-widget elementor-widget-image\" data-id=\"1748af00\" data-element_type=\"widget\" data-widget_type=\"image.default\">\n\t\t\t\t<div class=\"elementor-widget-container\">\n\t\t\t\t\t\t\t\t\t\t\t\t\t\t\t<img decoding=\"async\" loading=\"lazy\" width=\"1024\" height=\"400\" src=\"https:\/\/monofamilias.es\/wp-content\/uploads\/2022\/03\/diputacionalc.png\" class=\"attachment-large size-large wp-image-2390\" alt=\"\" srcset=\"https:\/\/monofamilias.es\/wp-content\/uploads\/2022\/03\/diputacionalc.png 1024w, https:\/\/monofamilias.es\/wp-content\/uploads\/2022\/03\/diputacionalc-300x117.png 300w, https:\/\/monofamilias.es\/wp-content\/uploads\/2022\/03\/diputacionalc-768x300.png 768w, https:\/\/monofamilias.es\/wp-content\/uploads\/2022\/03\/diputacionalc-700x273.png 700w\" sizes=\"(max-width: 1024px) 100vw, 1024px\" \/>\t\t\t\t\t\t\t\t\t\t\t\t\t\t\t<\/div>\n\t\t\t\t<\/div>\n\t\t\t\t\t<\/div>\n\t\t<\/div>\n\t\t\t\t<div class=\"elementor-column elementor-col-25 elementor-top-column elementor-element elementor-element-67737a01\" data-id=\"67737a01\" data-element_type=\"column\">\n\t\t\t<div class=\"elementor-widget-wrap elementor-element-populated\">\n\t\t\t\t\t\t\t\t<div class=\"elementor-element elementor-element-23203238 elementor-widget elementor-widget-image\" data-id=\"23203238\" data-element_type=\"widget\" data-widget_type=\"image.default\">\n\t\t\t\t<div class=\"elementor-widget-container\">\n\t\t\t\t\t\t\t\t\t\t\t\t\t\t\t<img decoding=\"async\" loading=\"lazy\" width=\"1024\" height=\"400\" src=\"https:\/\/monofamilias.es\/wp-content\/uploads\/2022\/01\/gva2.png\" class=\"attachment-large size-large wp-image-2255\" alt=\"\" srcset=\"https:\/\/monofamilias.es\/wp-content\/uploads\/2022\/01\/gva2.png 1024w, https:\/\/monofamilias.es\/wp-content\/uploads\/2022\/01\/gva2-300x117.png 300w, https:\/\/monofamilias.es\/wp-content\/uploads\/2022\/01\/gva2-768x300.png 768w, https:\/\/monofamilias.es\/wp-content\/uploads\/2022\/01\/gva2-700x273.png 700w\" sizes=\"(max-width: 1024px) 100vw, 1024px\" \/>\t\t\t\t\t\t\t\t\t\t\t\t\t\t\t<\/div>\n\t\t\t\t<\/div>\n\t\t\t\t\t<\/div>\n\t\t<\/div>\n\t\t\t\t\t\t\t<\/div>\n\t\t<\/section>\n\t\t\t\t\t\t\t<\/div>\n\t\t","protected":false},"excerpt":{"rendered":"<p>Observatori de Fam\u00edlies Monoparentals No posts were found for provided query parameters. Amb la col.laboraci\u00f3 de:<\/p>\n","protected":false},"author":1,"featured_media":0,"parent":0,"menu_order":0,"comment_status":"closed","ping_status":"closed","template":"","meta":{"om_disable_all_campaigns":false,"_mi_skip_tracking":false,"_monsterinsights_sitenote_active":false,"_monsterinsights_sitenote_note":"","_monsterinsights_sitenote_category":0,"footnotes":""},"yoast_head":"<!-- This site is optimized with the Yoast SEO plugin v21.3 - https:\/\/yoast.com\/wordpress\/plugins\/seo\/ -->\n<title>Observatori - Monofamilias - Familias Monoparentales de la Comunidad Valenciana<\/title>\n<meta name=\"robots\" content=\"index, follow, max-snippet:-1, max-image-preview:large, max-video-preview:-1\" \/>\n<link rel=\"canonical\" href=\"https:\/\/monofamilias.es\/val\/observatori\/\" \/>\n<meta property=\"og:locale\" content=\"en_US\" \/>\n<meta property=\"og:type\" content=\"article\" \/>\n<meta property=\"og:title\" content=\"Observatori - Monofamilias - Familias Monoparentales de la Comunidad Valenciana\" \/>\n<meta property=\"og:description\" content=\"Observatori de Fam\u00edlies Monoparentals No posts were found for provided query parameters. Amb la col.laboraci\u00f3 de:\" \/>\n<meta property=\"og:url\" content=\"https:\/\/monofamilias.es\/val\/observatori\/\" \/>\n<meta property=\"og:site_name\" content=\"Monofamilias\" \/>\n<meta property=\"og:image\" content=\"https:\/\/monofamilias.es\/wp-content\/uploads\/2022\/01\/GVA1.png\" \/>\n<meta name=\"twitter:card\" content=\"summary_large_image\" \/>\n<script type=\"application\/ld+json\" class=\"yoast-schema-graph\">{\"@context\":\"https:\/\/schema.org\",\"@graph\":[{\"@type\":\"WebPage\",\"@id\":\"https:\/\/monofamilias.es\/val\/observatori\/\",\"url\":\"https:\/\/monofamilias.es\/val\/observatori\/\",\"name\":\"Observatori - Monofamilias - Familias Monoparentales de la Comunidad Valenciana\",\"isPartOf\":{\"@id\":\"https:\/\/monofamilias.es\/#website\"},\"datePublished\":\"2023-07-23T16:36:06+00:00\",\"dateModified\":\"2023-07-23T16:36:06+00:00\",\"inLanguage\":\"val\",\"potentialAction\":[{\"@type\":\"ReadAction\",\"target\":[\"https:\/\/monofamilias.es\/val\/observatori\/\"]}]},{\"@type\":\"WebSite\",\"@id\":\"https:\/\/monofamilias.es\/#website\",\"url\":\"https:\/\/monofamilias.es\/\",\"name\":\"Monofamilias\",\"description\":\"Familias Monoparentales de la Comunidad Valenciana\",\"publisher\":{\"@id\":\"https:\/\/monofamilias.es\/#organization\"},\"potentialAction\":[{\"@type\":\"SearchAction\",\"target\":{\"@type\":\"EntryPoint\",\"urlTemplate\":\"https:\/\/monofamilias.es\/?s={search_term_string}\"},\"query-input\":\"required name=search_term_string\"}],\"inLanguage\":\"val\"},{\"@type\":\"Organization\",\"@id\":\"https:\/\/monofamilias.es\/#organization\",\"name\":\"Monofamilias\",\"url\":\"https:\/\/monofamilias.es\/\",\"logo\":{\"@type\":\"ImageObject\",\"inLanguage\":\"val\",\"@id\":\"https:\/\/monofamilias.es\/#\/schema\/logo\/image\/\",\"url\":\"https:\/\/monofamilias.es\/wp-content\/uploads\/2020\/04\/Familias-Monoparentales-Valencia-r.png\",\"contentUrl\":\"https:\/\/monofamilias.es\/wp-content\/uploads\/2020\/04\/Familias-Monoparentales-Valencia-r.png\",\"width\":900,\"height\":265,\"caption\":\"Monofamilias\"},\"image\":{\"@id\":\"https:\/\/monofamilias.es\/#\/schema\/logo\/image\/\"}}]}<\/script>\n<!-- \/ Yoast SEO plugin. -->","yoast_head_json":{"title":"Observatori - Monofamilias - Familias Monoparentales de la Comunidad Valenciana","robots":{"index":"index","follow":"follow","max-snippet":"max-snippet:-1","max-image-preview":"max-image-preview:large","max-video-preview":"max-video-preview:-1"},"canonical":"https:\/\/monofamilias.es\/val\/observatori\/","og_locale":"en_US","og_type":"article","og_title":"Observatori - Monofamilias - Familias Monoparentales de la Comunidad Valenciana","og_description":"Observatori de Fam\u00edlies Monoparentals No posts were found for provided query parameters. Amb la col.laboraci\u00f3 de:","og_url":"https:\/\/monofamilias.es\/val\/observatori\/","og_site_name":"Monofamilias","og_image":[{"url":"https:\/\/monofamilias.es\/wp-content\/uploads\/2022\/01\/GVA1.png"}],"twitter_card":"summary_large_image","schema":{"@context":"https:\/\/schema.org","@graph":[{"@type":"WebPage","@id":"https:\/\/monofamilias.es\/val\/observatori\/","url":"https:\/\/monofamilias.es\/val\/observatori\/","name":"Observatori - Monofamilias - Familias Monoparentales de la Comunidad Valenciana","isPartOf":{"@id":"https:\/\/monofamilias.es\/#website"},"datePublished":"2023-07-23T16:36:06+00:00","dateModified":"2023-07-23T16:36:06+00:00","inLanguage":"val","potentialAction":[{"@type":"ReadAction","target":["https:\/\/monofamilias.es\/val\/observatori\/"]}]},{"@type":"WebSite","@id":"https:\/\/monofamilias.es\/#website","url":"https:\/\/monofamilias.es\/","name":"Monofamilias","description":"Familias Monoparentales de la Comunidad Valenciana","publisher":{"@id":"https:\/\/monofamilias.es\/#organization"},"potentialAction":[{"@type":"SearchAction","target":{"@type":"EntryPoint","urlTemplate":"https:\/\/monofamilias.es\/?s={search_term_string}"},"query-input":"required name=search_term_string"}],"inLanguage":"val"},{"@type":"Organization","@id":"https:\/\/monofamilias.es\/#organization","name":"Monofamilias","url":"https:\/\/monofamilias.es\/","logo":{"@type":"ImageObject","inLanguage":"val","@id":"https:\/\/monofamilias.es\/#\/schema\/logo\/image\/","url":"https:\/\/monofamilias.es\/wp-content\/uploads\/2020\/04\/Familias-Monoparentales-Valencia-r.png","contentUrl":"https:\/\/monofamilias.es\/wp-content\/uploads\/2020\/04\/Familias-Monoparentales-Valencia-r.png","width":900,"height":265,"caption":"Monofamilias"},"image":{"@id":"https:\/\/monofamilias.es\/#\/schema\/logo\/image\/"}}]}},"_links":{"self":[{"href":"https:\/\/monofamilias.es\/val\/wp-json\/wp\/v2\/pages\/3600"}],"collection":[{"href":"https:\/\/monofamilias.es\/val\/wp-json\/wp\/v2\/pages"}],"about":[{"href":"https:\/\/monofamilias.es\/val\/wp-json\/wp\/v2\/types\/page"}],"author":[{"embeddable":true,"href":"https:\/\/monofamilias.es\/val\/wp-json\/wp\/v2\/users\/1"}],"replies":[{"embeddable":true,"href":"https:\/\/monofamilias.es\/val\/wp-json\/wp\/v2\/comments?post=3600"}],"version-history":[{"count":3,"href":"https:\/\/monofamilias.es\/val\/wp-json\/wp\/v2\/pages\/3600\/revisions"}],"predecessor-version":[{"id":3660,"href":"https:\/\/monofamilias.es\/val\/wp-json\/wp\/v2\/pages\/3600\/revisions\/3660"}],"wp:attachment":[{"href":"https:\/\/monofamilias.es\/val\/wp-json\/wp\/v2\/media?parent=3600"}],"curies":[{"name":"wp","href":"https:\/\/api.w.org\/{rel}","templated":true}]}}